{"id":349,"date":"2018-04-30T10:30:46","date_gmt":"2018-04-30T10:30:46","guid":{"rendered":"https:\/\/entrepueblos.org\/?page_id=349"},"modified":"2023-08-29T16:29:49","modified_gmt":"2023-08-29T16:29:49","slug":"noticias","status":"publish","type":"page","link":"https:\/\/www.entrepueblos.org\/repositoriweb\/noticias\/","title":{"rendered":"NOTICIAS"},"content":{"rendered":"<div id='av_section_1'  class='avia-section main_color avia-section-default avia-no-border-styling  avia-full-stretch av-parallax-section av-section-color-overlay-active avia-bg-style-parallax  avia-builder-el-0  el_before_av_section  avia-builder-el-first  header-section  av-small-hide av-mini-hide av-minimum-height av-minimum-height-custom  container_wrap sidebar_right' style=' '  data-section-bg-repeat='stretch'><div class='av-parallax' data-avia-parallax-ratio='0.3' ><div class='av-parallax-inner main_color  avia-full-stretch' style = 'background-repeat: no-repeat; background-image: url(https:\/\/www.entrepueblos.org\/repositoriweb\/wp-content\/uploads\/2023\/08\/901777_707475505942623_3032461079805700587_o-2-1030x391.jpg);background-attachment: scroll; background-position: center center; ' ><\/div><\/div><div class='av-section-color-overlay-wrap'><div class='av-section-color-overlay' style='opacity: 0.7; background-color: #3f3f3f; '><\/div><div class='container' style='height:400px'><main  role=\"main\" itemprop=\"mainContentOfPage\"  class='template-page content  av-content-small alpha units'><div class='post-entry post-entry-type-page post-entry-349'><div class='entry-content-wrapper clearfix'>\n<div class=\"flex_column av_one_full  flex_column_div av-zero-column-padding first  avia-builder-el-1  avia-builder-el-no-sibling  title-ot \" style='border-radius:0px; '><section class=\"av_textblock_section \"  itemscope=\"itemscope\" itemtype=\"https:\/\/schema.org\/CreativeWork\" ><div class='avia_textblock ot-title av_inherit_color '  style='color:#ffffff; '  itemprop=\"text\" ><h2 style=\"text-align: center;\">\u00daLTIMAS NOTICIAS<\/h2>\n<\/div><\/section><\/div>\n\n<\/div><\/div><\/main><!-- close content main element --><\/div><\/div><\/div><div id='av_section_2'  class='avia-section main_color avia-section-default avia-no-border-styling  avia-full-stretch av-parallax-section av-section-color-overlay-active avia-bg-style-parallax  avia-builder-el-3  el_after_av_section  el_before_av_one_full  header-section-mobile  av-desktop-hide av-medium-hide av-minimum-height av-minimum-height-custom  container_wrap sidebar_right' style=' '  data-section-bg-repeat='stretch'><div class='av-parallax' data-avia-parallax-ratio='0.3' ><div class='av-parallax-inner main_color  avia-full-stretch' style = 'background-repeat: no-repeat; background-image: url(https:\/\/www.entrepueblos.org\/repositoriweb\/wp-content\/uploads\/2023\/08\/901777_707475505942623_3032461079805700587_o-2-1-1030x391.jpg);background-attachment: scroll; background-position: center center; ' ><\/div><\/div><div class='av-section-color-overlay-wrap'><div class='av-section-color-overlay' style='opacity: 0.7; background-color: #3f3f3f; '><\/div><div class='container' style='height:350px'><div class='template-page content  av-content-small alpha units'><div class='post-entry post-entry-type-page post-entry-349'><div class='entry-content-wrapper clearfix'>\n<div class=\"flex_column av_one_full  flex_column_div av-zero-column-padding first  avia-builder-el-4  avia-builder-el-no-sibling  title-ot-mobile \" style='border-radius:0px; '><section class=\"av_textblock_section \"  itemscope=\"itemscope\" itemtype=\"https:\/\/schema.org\/CreativeWork\" ><div class='avia_textblock text-title-mobile av_inherit_color '  style='color:#ffffff; '  itemprop=\"text\" ><h2 style=\"text-align: center;\">\u00daLTIMAS NOTICIAS<\/h2>\n<\/div><\/section><\/div>\n<\/div><\/div><\/div><!-- close content main div --><\/div><\/div><\/div><div id='after_section_2'  class='main_color av_default_container_wrap container_wrap sidebar_right' style=' '  ><div class='container' ><div class='template-page content  av-content-small alpha units'><div class='post-entry post-entry-type-page post-entry-349'><div class='entry-content-wrapper clearfix'>\n<div class=\"flex_column av_one_full  flex_column_div av-zero-column-padding first  avia-builder-el-6  el_after_av_section  avia-builder-el-no-sibling  \" style='border-radius:0px; '><p><br \/>\n<div  class='av-alb-blogposts template-blog  av-blog-meta-author-disabled av-blog-meta-comments-disabled first-news-page '  itemscope=\"itemscope\" itemtype=\"https:\/\/schema.org\/Blog\" ><article class='post-entry post-entry-type-standard post-entry-44071 post-loop-1 post-parity-odd post-entry-last single-big post with-slider post-44071 news type-news status-publish has-post-thumbnail hentry category-defensa-del-territorio category-multinacionales-y-tratados-comerciales category-noticias category-peru category-proteccion-a-defensoras-es-de-dd-hh category-pueblos-indigenas'  itemscope=\"itemscope\" itemtype=\"https:\/\/schema.org\/CreativeWork\" ><div class=\"big-preview single-big\"><a href=\"https:\/\/www.entrepueblos.org\/repositoriweb\/news\/gira-peru-cuerpos-territorios-y-derechos-en-disputa\/\" title=\"Cuerpos, territorios y derechos en disputa: la gira que conecta Per\u00fa con la justicia clim\u00e1tica en la COP30\"><img loading=\"lazy\" decoding=\"async\" width=\"710\" height=\"375\" src=\"https:\/\/www.entrepueblos.org\/repositoriweb\/wp-content\/uploads\/2025\/11\/peuru_generico_2025-710x375.jpg\" class=\"wp-image-44096 avia-img-lazy-loading-44096 attachment-noticia_grande size-noticia_grande wp-post-image\" alt=\"\" \/><\/a><\/div><div class='blog-meta'><\/div><div class='entry-content-wrapper clearfix standard-content'><header class=\"entry-content-header\"><h2 class='post-title entry-title '  itemprop=\"headline\" >\t<a href='https:\/\/www.entrepueblos.org\/repositoriweb\/news\/gira-peru-cuerpos-territorios-y-derechos-en-disputa\/' rel='bookmark' title='Enlace permanente: Cuerpos, territorios y derechos en disputa: la gira que conecta Per\u00fa con la justicia clim\u00e1tica en la COP30'>Cuerpos, territorios y derechos en disputa: la gira que conecta Per\u00fa con la justicia clim\u00e1tica en la COP30\t\t\t<span class='post-format-icon minor-meta'><\/span>\t<\/a><\/h2><span class='post-meta-infos'><time class='date-container minor-meta updated'  itemprop=\"datePublished\" datetime=\"2025-11-10T14:00:45+00:00\" >10 noviembre, 2025<\/time><span class='text-sep text-sep-date'>\/<\/span><span class=\"blog-categories minor-meta\"><a href=\"https:\/\/www.entrepueblos.org\/repositoriweb\/category\/temas\/defensa-del-territorio\/\" rel=\"tag\">Defensa del territorio<\/a>, <a href=\"https:\/\/www.entrepueblos.org\/repositoriweb\/category\/temas\/multinacionales-y-tratados-comerciales\/\" rel=\"tag\">Multinacionales y tratados<\/a>, <a href=\"https:\/\/www.entrepueblos.org\/repositoriweb\/category\/noticias\/\" rel=\"tag\">Noticias<\/a>, <a href=\"https:\/\/www.entrepueblos.org\/repositoriweb\/category\/territorios\/peru\/\" rel=\"tag\">Per\u00fa<\/a>, <a href=\"https:\/\/www.entrepueblos.org\/repositoriweb\/category\/temas\/proteccion-a-defensoras-es-de-dd-hh\/\" rel=\"tag\">Protecci\u00f3n a defensoras DD.HH.<\/a>, <a href=\"https:\/\/www.entrepueblos.org\/repositoriweb\/category\/temas\/pueblos-indigenas\/\" rel=\"tag\">Pueblos ind\u00edgenas<\/a> <\/span><span class=\"text-sep text-sep-cat\">\/<\/span><span class=\"blog-author minor-meta\">por <span class=\"entry-author-link\"  itemprop=\"author\" ><span class=\"vcard author\"><span class=\"fn\"><a href=\"https:\/\/www.entrepueblos.org\/repositoriweb\/author\/edita\/\" title=\"Entradas de Edita\" rel=\"author\">Edita<\/a><\/span><\/span><\/span><\/span><\/span><\/header><div class=\"entry-content\"  itemprop=\"text\" ><p>En plena COP30 (Bel\u00e9m, Brasil), la Gira Per\u00fa 2025 acerca a universidades y espacios sociales del Estado espa\u00f1ol las voces de quienes viven la emergencia\u2026<\/p>\n<div class=\"read-more-link\"><a href=\"https:\/\/www.entrepueblos.org\/repositoriweb\/news\/gira-peru-cuerpos-territorios-y-derechos-en-disputa\/\" class=\"more-link\">Leer m\u00e1s<span class=\"more-link-arrow\">  &rarr;<\/span><\/a><\/div>\n<\/div><footer class=\"entry-footer\"><\/footer><div class='post_delimiter'><\/div><\/div><div class='post_author_timeline'><\/div><\/article><\/div><br \/>\n<div  data-autoplay=''  data-interval='5'  data-animation='fade'  data-show_slide_delay='90'  class='avia-content-slider avia-content-grid-active avia-content-slider1 avia-content-slider-even  news-page news-second section_load_ajax '  itemscope=\"itemscope\" itemtype=\"https:\/\/schema.org\/Blog\" ><div class='avia-content-slider-inner'><div class='slide-entry-wrap'><article class='slide-entry flex_column  post-entry post-entry-44127 slide-entry-overview slide-loop-1 slide-parity-odd  av_one_half first real-thumbnail'  itemscope=\"itemscope\" itemtype=\"https:\/\/schema.org\/CreativeWork\" ><a href='https:\/\/www.entrepueblos.org\/repositoriweb\/news\/cronica-congreso-economia-feminista-sevilla\/' data-rel='slide-1' class='slide-image' title=''><img loading=\"lazy\" decoding=\"async\" width=\"440\" height=\"250\" src=\"https:\/\/www.entrepueblos.org\/repositoriweb\/wp-content\/uploads\/2025\/11\/congresofeminista_entrepueblos-440x250.jpg\" class=\"wp-image-44132 avia-img-lazy-loading-44132 attachment-noticia size-noticia wp-post-image\" alt=\"\" \/><\/a><div class='slide-content'><header class=\"entry-content-header\"><h3 class='slide-entry-title entry-title'  itemprop=\"headline\" ><a href='https:\/\/www.entrepueblos.org\/repositoriweb\/news\/cronica-congreso-economia-feminista-sevilla\/' title='Volvamos a las calles sin olvidarnos de nosotras mismas: Cr\u00f3nica del Congreso de Econom\u00eda Feminista de Sevilla.'>Volvamos a las calles sin olvidarnos de nosotras mismas: Cr\u00f3nica del Congreso de Econom\u00eda Feminista de Sevilla.<\/a><\/h3><span class=\"av-vertical-delimiter\"><\/span><\/header><div class='slide-meta'><time class='slide-meta-time updated'  itemprop=\"datePublished\" datetime=\"2025-10-30T09:00:42+00:00\" >30 octubre, 2025<\/time><\/div><div class='slide-entry-excerpt entry-content'  itemprop=\"text\" >El IX Congreso de Econom\u00eda Feminista se ha convertido en un espacio de resistencia y esperanza. Celebrado del 2 al 4 de octubre en la Universidad Pablo\u2026<div class=\"read-more-link\"><a href=\"https:\/\/www.entrepueblos.org\/repositoriweb\/news\/cronica-congreso-economia-feminista-sevilla\/\" class=\"more-link\">Leer m\u00e1s<span class=\"more-link-arrow\"><\/span><\/a><\/div><\/div><\/div><footer class=\"entry-footer\"><\/footer><span class='hidden'>\n\t\t\t\t<span class='av-structured-data'  itemprop=\"image\" itemscope=\"itemscope\" itemtype=\"https:\/\/schema.org\/ImageObject\" >\n\t\t\t\t\t\t<span itemprop='url'>https:\/\/www.entrepueblos.org\/repositoriweb\/wp-content\/uploads\/2025\/11\/congresofeminista_entrepueblos.jpg<\/span>\n\t\t\t\t\t\t<span itemprop='height'>1280<\/span>\n\t\t\t\t\t\t<span itemprop='width'>852<\/span>\n\t\t\t\t<\/span>\n\t\t\t\t<span class='av-structured-data'  itemprop=\"publisher\" itemtype=\"https:\/\/schema.org\/Organization\" itemscope=\"itemscope\" >\n\t\t\t\t\t\t<span itemprop='name'>Edita<\/span>\n\t\t\t\t\t\t<span itemprop='logo' itemscope itemtype='https:\/\/schema.org\/ImageObject'>\n\t\t\t\t\t\t\t<span itemprop='url'>https:\/\/entrepueblos.org\/wp-content\/uploads\/2018\/04\/Logo-entrepueblos-white156x136.png<\/span>\n\t\t\t\t\t\t <\/span>\n\t\t\t\t<\/span><span class='av-structured-data'  itemprop=\"author\" itemscope=\"itemscope\" itemtype=\"https:\/\/schema.org\/Person\" ><span itemprop='name'>Edita<\/span><\/span><span class='av-structured-data'  itemprop=\"datePublished\" datetime=\"2025-10-02T15:19:08+00:00\" >2025-10-30 09:00:42<\/span><span class='av-structured-data'  itemprop=\"dateModified\" itemtype=\"https:\/\/schema.org\/dateModified\" >2025-11-14 13:14:21<\/span><span class='av-structured-data'  itemprop=\"mainEntityOfPage\" itemtype=\"https:\/\/schema.org\/mainEntityOfPage\" ><span itemprop='name'>Volvamos a las calles sin olvidarnos de nosotras mismas: Cr\u00f3nica del Congreso de Econom\u00eda Feminista de Sevilla.<\/span><\/span><\/span><\/article><article class='slide-entry flex_column  post-entry post-entry-43999 slide-entry-overview slide-loop-2 slide-parity-even  av_one_half  real-thumbnail'  itemscope=\"itemscope\" itemtype=\"https:\/\/schema.org\/CreativeWork\" ><a href='https:\/\/www.entrepueblos.org\/repositoriweb\/news\/defensoras-centroamericanas-en-barcelona\/' data-rel='slide-1' class='slide-image' title=''><img loading=\"lazy\" decoding=\"async\" width=\"440\" height=\"250\" src=\"https:\/\/www.entrepueblos.org\/repositoriweb\/wp-content\/uploads\/2025\/10\/cartell-xarxes-cast-440x250.jpg\" class=\"wp-image-43981 avia-img-lazy-loading-43981 attachment-noticia size-noticia wp-post-image\" alt=\"\" \/><\/a><div class='slide-content'><header class=\"entry-content-header\"><h3 class='slide-entry-title entry-title'  itemprop=\"headline\" ><a href='https:\/\/www.entrepueblos.org\/repositoriweb\/news\/defensoras-centroamericanas-en-barcelona\/' title='Defensoras centroamericanas en el exilio y en riesgo se re\u00fanen en Barcelona para debatir sobre derechos humanos y resistencias feministas.'>Defensoras centroamericanas en el exilio y en riesgo se re\u00fanen en Barcelona para debatir sobre derechos humanos y resistencias feministas.<\/a><\/h3><span class=\"av-vertical-delimiter\"><\/span><\/header><div class='slide-meta'><time class='slide-meta-time updated'  itemprop=\"datePublished\" datetime=\"2025-10-14T18:10:10+00:00\" >14 octubre, 2025<\/time><\/div><div class='slide-entry-excerpt entry-content'  itemprop=\"text\" >21 y 22 de octubre de 2025. La Bonne. Centre de Cultura de Dones Francesca Bonnemaison (Barcelona)\r\nLas voces de defensoras de derechos humanos y activistas\u2026<div class=\"read-more-link\"><a href=\"https:\/\/www.entrepueblos.org\/repositoriweb\/news\/defensoras-centroamericanas-en-barcelona\/\" class=\"more-link\">Leer m\u00e1s<span class=\"more-link-arrow\"><\/span><\/a><\/div><\/div><\/div><footer class=\"entry-footer\"><\/footer><span class='hidden'>\n\t\t\t\t<span class='av-structured-data'  itemprop=\"image\" itemscope=\"itemscope\" itemtype=\"https:\/\/schema.org\/ImageObject\" >\n\t\t\t\t\t\t<span itemprop='url'>https:\/\/www.entrepueblos.org\/repositoriweb\/wp-content\/uploads\/2025\/10\/cartell-xarxes-cast.jpg<\/span>\n\t\t\t\t\t\t<span itemprop='height'>1350<\/span>\n\t\t\t\t\t\t<span itemprop='width'>1080<\/span>\n\t\t\t\t<\/span>\n\t\t\t\t<span class='av-structured-data'  itemprop=\"publisher\" itemtype=\"https:\/\/schema.org\/Organization\" itemscope=\"itemscope\" >\n\t\t\t\t\t\t<span itemprop='name'>Edita<\/span>\n\t\t\t\t\t\t<span itemprop='logo' itemscope itemtype='https:\/\/schema.org\/ImageObject'>\n\t\t\t\t\t\t\t<span itemprop='url'>https:\/\/entrepueblos.org\/wp-content\/uploads\/2018\/04\/Logo-entrepueblos-white156x136.png<\/span>\n\t\t\t\t\t\t <\/span>\n\t\t\t\t<\/span><span class='av-structured-data'  itemprop=\"author\" itemscope=\"itemscope\" itemtype=\"https:\/\/schema.org\/Person\" ><span itemprop='name'>Edita<\/span><\/span><span class='av-structured-data'  itemprop=\"datePublished\" datetime=\"2025-10-02T15:19:08+00:00\" >2025-10-14 18:10:10<\/span><span class='av-structured-data'  itemprop=\"dateModified\" itemtype=\"https:\/\/schema.org\/dateModified\" >2025-10-16 10:19:48<\/span><span class='av-structured-data'  itemprop=\"mainEntityOfPage\" itemtype=\"https:\/\/schema.org\/mainEntityOfPage\" ><span itemprop='name'>Defensoras centroamericanas en el exilio y en riesgo se re\u00fanen en Barcelona para debatir sobre derechos humanos y resistencias feministas.<\/span><\/span><\/span><\/article><\/div><div class='slide-entry-wrap'><article class='slide-entry flex_column  post-entry post-entry-43935 slide-entry-overview slide-loop-3 slide-parity-odd  av_one_half first real-thumbnail'  itemscope=\"itemscope\" itemtype=\"https:\/\/schema.org\/CreativeWork\" ><a href='https:\/\/www.entrepueblos.org\/repositoriweb\/news\/reclamamos-respeto-a-los-derechos-fundamentales-en-ecuador\/' data-rel='slide-1' class='slide-image' title=''><img loading=\"lazy\" decoding=\"async\" width=\"440\" height=\"250\" src=\"https:\/\/www.entrepueblos.org\/repositoriweb\/wp-content\/uploads\/2025\/04\/ALB2887-440x250.jpg\" class=\"wp-image-42358 avia-img-lazy-loading-42358 attachment-noticia size-noticia wp-post-image\" alt=\"\" \/><\/a><div class='slide-content'><header class=\"entry-content-header\"><h3 class='slide-entry-title entry-title'  itemprop=\"headline\" ><a href='https:\/\/www.entrepueblos.org\/repositoriweb\/news\/reclamamos-respeto-a-los-derechos-fundamentales-en-ecuador\/' title='Reclamamos el respeto a los derechos fundamentales en Ecuador y exigimos una respuesta diplom\u00e1tica del Gobierno espa\u00f1ol'>Reclamamos el respeto a los derechos fundamentales en Ecuador y exigimos una respuesta diplom\u00e1tica del Gobierno espa\u00f1ol<\/a><\/h3><span class=\"av-vertical-delimiter\"><\/span><\/header><div class='slide-meta'><time class='slide-meta-time updated'  itemprop=\"datePublished\" datetime=\"2025-10-08T10:24:11+00:00\" >8 octubre, 2025<\/time><\/div><div class='slide-entry-excerpt entry-content'  itemprop=\"text\" >\r\n \t\r\nReclamamos el respeto a los derechos fundamentales en Ecuador y expresamos nuestra solidaridad y apoyo al pueblo ecuatoriano.\r\n\r\n \t\r\nAdvertimos que\u2026<div class=\"read-more-link\"><a href=\"https:\/\/www.entrepueblos.org\/repositoriweb\/news\/reclamamos-respeto-a-los-derechos-fundamentales-en-ecuador\/\" class=\"more-link\">Leer m\u00e1s<span class=\"more-link-arrow\"><\/span><\/a><\/div><\/div><\/div><footer class=\"entry-footer\"><\/footer><span class='hidden'>\n\t\t\t\t<span class='av-structured-data'  itemprop=\"image\" itemscope=\"itemscope\" itemtype=\"https:\/\/schema.org\/ImageObject\" >\n\t\t\t\t\t\t<span itemprop='url'>https:\/\/www.entrepueblos.org\/repositoriweb\/wp-content\/uploads\/2025\/04\/ALB2887.jpg<\/span>\n\t\t\t\t\t\t<span itemprop='height'>1282<\/span>\n\t\t\t\t\t\t<span itemprop='width'>1920<\/span>\n\t\t\t\t<\/span>\n\t\t\t\t<span class='av-structured-data'  itemprop=\"publisher\" itemtype=\"https:\/\/schema.org\/Organization\" itemscope=\"itemscope\" >\n\t\t\t\t\t\t<span itemprop='name'>Edita<\/span>\n\t\t\t\t\t\t<span itemprop='logo' itemscope itemtype='https:\/\/schema.org\/ImageObject'>\n\t\t\t\t\t\t\t<span itemprop='url'>https:\/\/entrepueblos.org\/wp-content\/uploads\/2018\/04\/Logo-entrepueblos-white156x136.png<\/span>\n\t\t\t\t\t\t <\/span>\n\t\t\t\t<\/span><span class='av-structured-data'  itemprop=\"author\" itemscope=\"itemscope\" itemtype=\"https:\/\/schema.org\/Person\" ><span itemprop='name'>Edita<\/span><\/span><span class='av-structured-data'  itemprop=\"datePublished\" datetime=\"2025-10-02T15:19:08+00:00\" >2025-10-08 10:24:11<\/span><span class='av-structured-data'  itemprop=\"dateModified\" itemtype=\"https:\/\/schema.org\/dateModified\" >2025-10-08 11:02:17<\/span><span class='av-structured-data'  itemprop=\"mainEntityOfPage\" itemtype=\"https:\/\/schema.org\/mainEntityOfPage\" ><span itemprop='name'>Reclamamos el respeto a los derechos fundamentales en Ecuador y exigimos una respuesta diplom\u00e1tica del Gobierno espa\u00f1ol<\/span><\/span><\/span><\/article><article class='slide-entry flex_column  post-entry post-entry-43843 slide-entry-overview slide-loop-4 slide-parity-even  post-entry-last  av_one_half  real-thumbnail'  itemscope=\"itemscope\" itemtype=\"https:\/\/schema.org\/CreativeWork\" ><a href='https:\/\/www.entrepueblos.org\/repositoriweb\/news\/organizaciones-internacionales-alertan-sobre-grave-crisis-politica-y-represion-en-ecuador\/' data-rel='slide-1' class='slide-image' title=''><img loading=\"lazy\" decoding=\"async\" width=\"440\" height=\"250\" src=\"https:\/\/www.entrepueblos.org\/repositoriweb\/wp-content\/uploads\/2025\/10\/DemandaCarceles20234-440x250.jpeg\" class=\"wp-image-43848 avia-img-lazy-loading-43848 attachment-noticia size-noticia wp-post-image\" alt=\"\" \/><\/a><div class='slide-content'><header class=\"entry-content-header\"><h3 class='slide-entry-title entry-title'  itemprop=\"headline\" ><a href='https:\/\/www.entrepueblos.org\/repositoriweb\/news\/organizaciones-internacionales-alertan-sobre-grave-crisis-politica-y-represion-en-ecuador\/' title='Organizaciones internacionales alertan sobre grave crisis pol\u00edtica y represi\u00f3n en Ecuador'>Organizaciones internacionales alertan sobre grave crisis pol\u00edtica y represi\u00f3n en Ecuador<\/a><\/h3><span class=\"av-vertical-delimiter\"><\/span><\/header><div class='slide-meta'><time class='slide-meta-time updated'  itemprop=\"datePublished\" datetime=\"2025-10-02T15:19:08+00:00\" >2 octubre, 2025<\/time><\/div><div class='slide-entry-excerpt entry-content'  itemprop=\"text\" >ECUADOR DERECHOS HUMANOS\r\nOrganizaciones internacionales alertan sobre grave crisis pol\u00edtica y represi\u00f3n en Ecuador\r\nQuito, 2 de octubre de 2025, 09:00\u2026<div class=\"read-more-link\"><a href=\"https:\/\/www.entrepueblos.org\/repositoriweb\/news\/organizaciones-internacionales-alertan-sobre-grave-crisis-politica-y-represion-en-ecuador\/\" class=\"more-link\">Leer m\u00e1s<span class=\"more-link-arrow\"><\/span><\/a><\/div><\/div><\/div><footer class=\"entry-footer\"><\/footer><span class='hidden'>\n\t\t\t\t<span class='av-structured-data'  itemprop=\"image\" itemscope=\"itemscope\" itemtype=\"https:\/\/schema.org\/ImageObject\" >\n\t\t\t\t\t\t<span itemprop='url'>https:\/\/www.entrepueblos.org\/repositoriweb\/wp-content\/uploads\/2025\/10\/DemandaCarceles20234.jpeg<\/span>\n\t\t\t\t\t\t<span itemprop='height'>427<\/span>\n\t\t\t\t\t\t<span itemprop='width'>640<\/span>\n\t\t\t\t<\/span>\n\t\t\t\t<span class='av-structured-data'  itemprop=\"publisher\" itemtype=\"https:\/\/schema.org\/Organization\" itemscope=\"itemscope\" >\n\t\t\t\t\t\t<span itemprop='name'>Edita<\/span>\n\t\t\t\t\t\t<span itemprop='logo' itemscope itemtype='https:\/\/schema.org\/ImageObject'>\n\t\t\t\t\t\t\t<span itemprop='url'>https:\/\/entrepueblos.org\/wp-content\/uploads\/2018\/04\/Logo-entrepueblos-white156x136.png<\/span>\n\t\t\t\t\t\t <\/span>\n\t\t\t\t<\/span><span class='av-structured-data'  itemprop=\"author\" itemscope=\"itemscope\" itemtype=\"https:\/\/schema.org\/Person\" ><span itemprop='name'>Edita<\/span><\/span><span class='av-structured-data'  itemprop=\"datePublished\" datetime=\"2025-10-02T15:19:08+00:00\" >2025-10-02 15:19:08<\/span><span class='av-structured-data'  itemprop=\"dateModified\" itemtype=\"https:\/\/schema.org\/dateModified\" >2025-10-08 09:48:48<\/span><span class='av-structured-data'  itemprop=\"mainEntityOfPage\" itemtype=\"https:\/\/schema.org\/mainEntityOfPage\" ><span itemprop='name'>Organizaciones internacionales alertan sobre grave crisis pol\u00edtica y represi\u00f3n en Ecuador<\/span><\/span><\/span><\/article><\/div><\/div><div class='pagination-wrap pagination-slider'><div><a href='https:\/\/www.entrepueblos.org\/repositoriweb\/wp-json\/wp\/v2\/pages\/349\/page\/2\/' class='load-more'>Mostrar m\u00e1s<\/a><\/div><\/div><\/div><\/p><\/div>\n","protected":false},"excerpt":{"rendered":"","protected":false},"author":9,"featured_media":0,"parent":0,"menu_order":0,"comment_status":"closed","ping_status":"closed","template":"","meta":{"_acf_changed":false,"_price":"","_stock":"","_tribe_ticket_header":"","_tribe_default_ticket_provider":"","_tribe_ticket_capacity":"0","_ticket_start_date":"","_ticket_end_date":"","_tribe_ticket_show_description":"","_tribe_ticket_show_not_going":false,"_tribe_ticket_use_global_stock":"","_tribe_ticket_global_stock_level":"","_global_stock_mode":"","_global_stock_cap":"","_tribe_rsvp_for_event":"","_tribe_ticket_going_count":"","_tribe_ticket_not_going_count":"","_tribe_tickets_list":"[]","_tribe_ticket_has_attendee_info_fields":false,"footnotes":"","_tec_slr_enabled":"","_tec_slr_layout":""},"class_list":["post-349","page","type-page","status-publish","hentry"],"acf":[],"yoast_head":"<!-- This site is optimized with the Yoast SEO plugin v25.0 - https:\/\/yoast.com\/wordpress\/plugins\/seo\/ -->\n<title>NOTICIAS - Entrepueblos<\/title>\n<meta name=\"robots\" content=\"index, follow, max-snippet:-1, max-image-preview:large, max-video-preview:-1\" \/>\n<link rel=\"canonical\" href=\"https:\/\/www.entrepueblos.org\/repositoriweb\/noticias\/\" \/>\n<meta property=\"og:locale\" content=\"es_ES\" \/>\n<meta property=\"og:type\" content=\"article\" \/>\n<meta property=\"og:title\" content=\"NOTICIAS - Entrepueblos\" \/>\n<meta property=\"og:url\" content=\"https:\/\/www.entrepueblos.org\/repositoriweb\/noticias\/\" \/>\n<meta property=\"og:site_name\" content=\"Entrepueblos\" \/>\n<meta property=\"article:modified_time\" content=\"2023-08-29T16:29:49+00:00\" \/>\n<meta name=\"twitter:card\" content=\"summary_large_image\" \/>\n<meta name=\"twitter:label1\" content=\"Tiempo de lectura\" \/>\n\t<meta name=\"twitter:data1\" content=\"4 minutos\" \/>\n<script type=\"application\/ld+json\" class=\"yoast-schema-graph\">{\"@context\":\"https:\/\/schema.org\",\"@graph\":[{\"@type\":\"WebPage\",\"@id\":\"https:\/\/www.entrepueblos.org\/repositoriweb\/noticias\/\",\"url\":\"https:\/\/www.entrepueblos.org\/repositoriweb\/noticias\/\",\"name\":\"NOTICIAS - Entrepueblos\",\"isPartOf\":{\"@id\":\"https:\/\/www.entrepueblos.org\/repositoriweb\/#website\"},\"datePublished\":\"2018-04-30T10:30:46+00:00\",\"dateModified\":\"2023-08-29T16:29:49+00:00\",\"breadcrumb\":{\"@id\":\"https:\/\/www.entrepueblos.org\/repositoriweb\/noticias\/#breadcrumb\"},\"inLanguage\":\"es\",\"potentialAction\":[{\"@type\":\"ReadAction\",\"target\":[\"https:\/\/www.entrepueblos.org\/repositoriweb\/noticias\/\"]}]},{\"@type\":\"BreadcrumbList\",\"@id\":\"https:\/\/www.entrepueblos.org\/repositoriweb\/noticias\/#breadcrumb\",\"itemListElement\":[{\"@type\":\"ListItem\",\"position\":1,\"name\":\"Portada\",\"item\":\"https:\/\/www.entrepueblos.org\/repositoriweb\/\"},{\"@type\":\"ListItem\",\"position\":2,\"name\":\"NOTICIAS\"}]},{\"@type\":\"WebSite\",\"@id\":\"https:\/\/www.entrepueblos.org\/repositoriweb\/#website\",\"url\":\"https:\/\/www.entrepueblos.org\/repositoriweb\/\",\"name\":\"Entrepueblos\",\"description\":\"Cooperaci\u00f3n pueblo a pueblo\",\"potentialAction\":[{\"@type\":\"SearchAction\",\"target\":{\"@type\":\"EntryPoint\",\"urlTemplate\":\"https:\/\/www.entrepueblos.org\/repositoriweb\/?s={search_term_string}\"},\"query-input\":{\"@type\":\"PropertyValueSpecification\",\"valueRequired\":true,\"valueName\":\"search_term_string\"}}],\"inLanguage\":\"es\"}]}<\/script>\n<!-- \/ Yoast SEO plugin. -->","yoast_head_json":{"title":"NOTICIAS - Entrepueblos","robots":{"index":"index","follow":"follow","max-snippet":"max-snippet:-1","max-image-preview":"max-image-preview:large","max-video-preview":"max-video-preview:-1"},"canonical":"https:\/\/www.entrepueblos.org\/repositoriweb\/noticias\/","og_locale":"es_ES","og_type":"article","og_title":"NOTICIAS - Entrepueblos","og_url":"https:\/\/www.entrepueblos.org\/repositoriweb\/noticias\/","og_site_name":"Entrepueblos","article_modified_time":"2023-08-29T16:29:49+00:00","twitter_card":"summary_large_image","twitter_misc":{"Tiempo de lectura":"4 minutos"},"schema":{"@context":"https:\/\/schema.org","@graph":[{"@type":"WebPage","@id":"https:\/\/www.entrepueblos.org\/repositoriweb\/noticias\/","url":"https:\/\/www.entrepueblos.org\/repositoriweb\/noticias\/","name":"NOTICIAS - Entrepueblos","isPartOf":{"@id":"https:\/\/www.entrepueblos.org\/repositoriweb\/#website"},"datePublished":"2018-04-30T10:30:46+00:00","dateModified":"2023-08-29T16:29:49+00:00","breadcrumb":{"@id":"https:\/\/www.entrepueblos.org\/repositoriweb\/noticias\/#breadcrumb"},"inLanguage":"es","potentialAction":[{"@type":"ReadAction","target":["https:\/\/www.entrepueblos.org\/repositoriweb\/noticias\/"]}]},{"@type":"BreadcrumbList","@id":"https:\/\/www.entrepueblos.org\/repositoriweb\/noticias\/#breadcrumb","itemListElement":[{"@type":"ListItem","position":1,"name":"Portada","item":"https:\/\/www.entrepueblos.org\/repositoriweb\/"},{"@type":"ListItem","position":2,"name":"NOTICIAS"}]},{"@type":"WebSite","@id":"https:\/\/www.entrepueblos.org\/repositoriweb\/#website","url":"https:\/\/www.entrepueblos.org\/repositoriweb\/","name":"Entrepueblos","description":"Cooperaci\u00f3n pueblo a pueblo","potentialAction":[{"@type":"SearchAction","target":{"@type":"EntryPoint","urlTemplate":"https:\/\/www.entrepueblos.org\/repositoriweb\/?s={search_term_string}"},"query-input":{"@type":"PropertyValueSpecification","valueRequired":true,"valueName":"search_term_string"}}],"inLanguage":"es"}]}},"ticketed":false,"_links":{"self":[{"href":"https:\/\/www.entrepueblos.org\/repositoriweb\/wp-json\/wp\/v2\/pages\/349","targetHints":{"allow":["GET"]}}],"collection":[{"href":"https:\/\/www.entrepueblos.org\/repositoriweb\/wp-json\/wp\/v2\/pages"}],"about":[{"href":"https:\/\/www.entrepueblos.org\/repositoriweb\/wp-json\/wp\/v2\/types\/page"}],"author":[{"embeddable":true,"href":"https:\/\/www.entrepueblos.org\/repositoriweb\/wp-json\/wp\/v2\/users\/9"}],"replies":[{"embeddable":true,"href":"https:\/\/www.entrepueblos.org\/repositoriweb\/wp-json\/wp\/v2\/comments?post=349"}],"version-history":[{"count":53,"href":"https:\/\/www.entrepueblos.org\/repositoriweb\/wp-json\/wp\/v2\/pages\/349\/revisions"}],"predecessor-version":[{"id":36193,"href":"https:\/\/www.entrepueblos.org\/repositoriweb\/wp-json\/wp\/v2\/pages\/349\/revisions\/36193"}],"wp:attachment":[{"href":"https:\/\/www.entrepueblos.org\/repositoriweb\/wp-json\/wp\/v2\/media?parent=349"}],"curies":[{"name":"wp","href":"https:\/\/api.w.org\/{rel}","templated":true}]}}