{"id":4757,"date":"2018-06-19T12:33:05","date_gmt":"2018-06-19T12:33:05","guid":{"rendered":"https:\/\/entrepueblos.org\/?page_id=4757"},"modified":"2023-04-26T14:20:09","modified_gmt":"2023-04-26T14:20:09","slug":"publicaciones","status":"publish","type":"page","link":"https:\/\/www.entrepueblos.org\/repositoriweb\/publicaciones\/","title":{"rendered":"PUBLICACIONES"},"content":{"rendered":"<div id='av_section_1'  class='avia-section main_color avia-section-default avia-no-border-styling  avia-full-stretch av-parallax-section av-section-color-overlay-active avia-bg-style-parallax  avia-builder-el-0  el_before_av_section  avia-builder-el-first  header-section  av-small-hide av-mini-hide av-minimum-height av-minimum-height-50  container_wrap sidebar_right' style=' '  data-section-bg-repeat='stretch' data-av_minimum_height_pc='50'><div class='av-parallax' data-avia-parallax-ratio='0.3' ><div class='av-parallax-inner main_color  avia-full-stretch' style = 'background-repeat: no-repeat; background-image: url(https:\/\/www.entrepueblos.org\/repositoriweb\/wp-content\/uploads\/2018\/05\/proyectos.jpg);background-attachment: scroll; background-position: center center; ' ><\/div><\/div><div class='av-section-color-overlay-wrap'><div class='av-section-color-overlay' style='opacity: 0.7; background-color: #3f3f3f; '><\/div><div class='container' ><main  role=\"main\" itemprop=\"mainContentOfPage\"  class='template-page content  av-content-small alpha units'><div class='post-entry post-entry-type-page post-entry-4757'><div class='entry-content-wrapper clearfix'>\n<div class=\"flex_column av_one_full  flex_column_div av-zero-column-padding first  avia-builder-el-1  avia-builder-el-no-sibling  title-ot \" style='border-radius:0px; '><section class=\"av_textblock_section \"  itemscope=\"itemscope\" itemtype=\"https:\/\/schema.org\/CreativeWork\" ><div class='avia_textblock ot-title av_inherit_color '  style='color:#ffffff; '  itemprop=\"text\" ><h2 style=\"text-align: center;\">Nuestros materiales y herramientas aspiran a generar transformaciones profundas del actual modelo social y pol\u00edtico<\/h2>\n<\/div><\/section><\/div><\/div><\/div><\/main><!-- close content main element --><\/div><\/div><\/div><div id='av_section_2'  class='avia-section main_color avia-section-default avia-no-border-styling  avia-full-stretch av-parallax-section av-section-color-overlay-active avia-bg-style-parallax  avia-builder-el-3  el_after_av_section  el_before_av_codeblock  header-section-mobile  av-desktop-hide av-medium-hide av-minimum-height av-minimum-height-75  container_wrap sidebar_right' style=' '  data-section-bg-repeat='stretch' data-av_minimum_height_pc='75'><div class='av-parallax' data-avia-parallax-ratio='0.3' ><div class='av-parallax-inner main_color  avia-full-stretch' style = 'background-repeat: no-repeat; background-image: url(https:\/\/www.entrepueblos.org\/repositoriweb\/wp-content\/uploads\/2018\/05\/proyectos.jpg);background-attachment: scroll; background-position: center center; ' ><\/div><\/div><div class='av-section-color-overlay-wrap'><div class='av-section-color-overlay' style='opacity: 0.7; background-color: #3f3f3f; '><\/div><div class='container' ><div class='template-page content  av-content-small alpha units'><div class='post-entry post-entry-type-page post-entry-4757'><div class='entry-content-wrapper clearfix'>\n<div class=\"flex_column av_one_full  flex_column_div av-zero-column-padding first  avia-builder-el-4  avia-builder-el-no-sibling  title-ot-mobile \" style='border-radius:0px; '><section class=\"av_textblock_section \"  itemscope=\"itemscope\" itemtype=\"https:\/\/schema.org\/CreativeWork\" ><div class='avia_textblock text-title-mobile av_inherit_color '  style='color:#ffffff; '  itemprop=\"text\" ><h2 style=\"text-align: center;\">Nuestros materiales y herramientas aspiran a generar transformaciones profundas del actual modelo social y pol\u00edtico<\/h2>\n<\/div><\/section><\/div><\/div><\/div><\/div><!-- close content main div --><\/div><\/div><\/div><div id='after_section_2'  class='main_color av_default_container_wrap container_wrap sidebar_right' style=' '  ><div class='container' ><div class='template-page content  av-content-small alpha units'><div class='post-entry post-entry-type-page post-entry-4757'><div class='entry-content-wrapper clearfix'><\/p>\n<div class=\"flex_column av_one_full  flex_column_div av-zero-column-padding first  avia-builder-el-7  el_after_av_codeblock  avia-builder-el-last  \" style='border-radius:0px; '><section class=\"av_textblock_section \"  itemscope=\"itemscope\" itemtype=\"https:\/\/schema.org\/CreativeWork\" ><div class='avia_textblock filtros-mobile-block '   itemprop=\"text\" ><div class=\"temas-filtro mobile\">\n<h3 class=\"widgettitle title-filtro\">FILTRAR POR TEMAS<\/h3>\n<div class='category_filter'><ul>\t<li class=\"cat-item cat-item-31\"><a href=\"https:\/\/www.entrepueblos.org\/repositoriweb\/category\/temas\/defensa-del-territorio\/\">Defensa del territorio<\/a>\n<\/li>\n\t<li class=\"cat-item cat-item-28\"><a href=\"https:\/\/www.entrepueblos.org\/repositoriweb\/category\/temas\/ecologismo-social\/\">Ecologismo social<\/a>\n<\/li>\n\t<li class=\"cat-item cat-item-29\"><a href=\"https:\/\/www.entrepueblos.org\/repositoriweb\/category\/temas\/economia-social-y-solidaria\/\">Econom\u00eda social y solidaria<\/a>\n<\/li>\n\t<li class=\"cat-item cat-item-56\"><a href=\"https:\/\/www.entrepueblos.org\/repositoriweb\/category\/temas\/educacion-emancipatoria\/\">Educaci\u00f3n emancipatoria<\/a>\n<\/li>\n\t<li class=\"cat-item cat-item-27\"><a href=\"https:\/\/www.entrepueblos.org\/repositoriweb\/category\/temas\/feminismos\/\">Feminismos<\/a>\n<\/li>\n\t<li class=\"cat-item cat-item-1018\"><a href=\"https:\/\/www.entrepueblos.org\/repositoriweb\/category\/temas\/libertad-de-expresion\/\">Libertad de Expresi\u00f3n<\/a>\n<\/li>\n\t<li class=\"cat-item cat-item-36\"><a href=\"https:\/\/www.entrepueblos.org\/repositoriweb\/category\/temas\/memoria-historica-justicia-y-reparacion\/\">Mem\u00f3ria hist\u00f3rica<\/a>\n<\/li>\n\t<li class=\"cat-item cat-item-34\"><a href=\"https:\/\/www.entrepueblos.org\/repositoriweb\/category\/temas\/migraciones-y-refugio\/\">Migraciones y refugio<\/a>\n<\/li>\n\t<li class=\"cat-item cat-item-32\"><a href=\"https:\/\/www.entrepueblos.org\/repositoriweb\/category\/temas\/multinacionales-y-tratados-comerciales\/\">Multinacionales y tratados<\/a>\n<\/li>\n\t<li class=\"cat-item cat-item-33\"><a href=\"https:\/\/www.entrepueblos.org\/repositoriweb\/category\/temas\/proteccion-a-defensoras-es-de-dd-hh\/\">Protecci\u00f3n a defensoras DD.HH.<\/a>\n<\/li>\n\t<li class=\"cat-item cat-item-35\"><a href=\"https:\/\/www.entrepueblos.org\/repositoriweb\/category\/temas\/pueblos-indigenas\/\">Pueblos ind\u00edgenas<\/a>\n<\/li>\n\t<li class=\"cat-item cat-item-30\"><a href=\"https:\/\/www.entrepueblos.org\/repositoriweb\/category\/temas\/soberania-alimentaria\/\">Soberan\u00eda alimentaria<\/a>\n<\/li>\n\t<li class=\"cat-item cat-item-37\"><a href=\"https:\/\/www.entrepueblos.org\/repositoriweb\/category\/temas\/zotros-2\/\">Otros<\/a>\n<\/li>\n<\/ul><\/div><\/div>\n<div class=\"formato-filtro mobile\">\n<h3 class=\"widgettitle title-filtro\">FILTRAR POR FORMATO<\/h3>\n<div class='category_filter'><ul>\t<li class=\"cat-item cat-item-24\"><a href=\"https:\/\/www.entrepueblos.org\/repositoriweb\/category\/formatos\/blogs\/\">Blogs<\/a>\n<\/li>\n\t<li class=\"cat-item cat-item-21\"><a href=\"https:\/\/www.entrepueblos.org\/repositoriweb\/category\/formatos\/documentales\/\">Documentales<\/a>\n<\/li>\n\t<li class=\"cat-item cat-item-19\"><a href=\"https:\/\/www.entrepueblos.org\/repositoriweb\/category\/formatos\/exposiciones\/\">Exposiciones<\/a>\n<\/li>\n\t<li class=\"cat-item cat-item-20\"><a href=\"https:\/\/www.entrepueblos.org\/repositoriweb\/category\/formatos\/guias-didacticas\/\">Guias did\u00e1cticas<\/a>\n<\/li>\n\t<li class=\"cat-item cat-item-891\"><a href=\"https:\/\/www.entrepueblos.org\/repositoriweb\/category\/formatos\/infografias\/\">Infografias<\/a>\n<\/li>\n\t<li class=\"cat-item cat-item-23\"><a href=\"https:\/\/www.entrepueblos.org\/repositoriweb\/category\/formatos\/libros\/\">Libros<\/a>\n<\/li>\n\t<li class=\"cat-item cat-item-25\"><a href=\"https:\/\/www.entrepueblos.org\/repositoriweb\/category\/formatos\/otros\/\">Otros<\/a>\n<\/li>\n\t<li class=\"cat-item cat-item-18\"><a href=\"https:\/\/www.entrepueblos.org\/repositoriweb\/category\/formatos\/revistas-y-boletines\/\">Revistas y boletines<\/a>\n<\/li>\n\t<li class=\"cat-item cat-item-887\"><a href=\"https:\/\/www.entrepueblos.org\/repositoriweb\/category\/formatos\/web\/\">Web<\/a>\n<\/li>\n<\/ul><\/div><\/div>\n<div class='filter_clean'><a>Limpiar filtros<\/a><\/div>\n<\/div><\/section><br \/>\n<div  class='av-alb-blogposts template-blog  av-blog-meta-author-disabled av-blog-meta-comments-disabled '  itemscope=\"itemscope\" itemtype=\"https:\/\/schema.org\/Blog\" ><article class='post-entry post-entry-type-standard post-entry-43662 post-loop-1 post-parity-odd single-small post proyecto publicacion with-slider post-43662 publicaciones type-publicaciones status-publish has-post-thumbnail hentry category-feminismos category-publicaciones'  itemscope=\"itemscope\" itemtype=\"https:\/\/schema.org\/CreativeWork\" ><div class='blog-meta'><a href='https:\/\/www.entrepueblos.org\/repositoriweb\/publicaciones\/llama-ecofeminista-suplemento\/' class='small-preview' title='Llama Ecofeminista: Aprendizajes del primer encuentro de Econom\u00eda feminista de Abya Yala'><img loading=\"lazy\" decoding=\"async\" width=\"180\" height=\"180\" src=\"https:\/\/www.entrepueblos.org\/repositoriweb\/wp-content\/uploads\/2025\/09\/SUPLEMENT-Amb-la-Directa-592-publiquem-Flama-Eco-feminista.Un-suplement-de-@efabyayala25-@-180x180.jpg\" class=\"wp-image-43658 avia-img-lazy-loading-43658 attachment-square size-square wp-post-image\" alt=\"\" srcset=\"https:\/\/www.entrepueblos.org\/repositoriweb\/wp-content\/uploads\/2025\/09\/SUPLEMENT-Amb-la-Directa-592-publiquem-Flama-Eco-feminista.Un-suplement-de-@efabyayala25-@-180x180.jpg 180w, https:\/\/www.entrepueblos.org\/repositoriweb\/wp-content\/uploads\/2025\/09\/SUPLEMENT-Amb-la-Directa-592-publiquem-Flama-Eco-feminista.Un-suplement-de-@efabyayala25-@-80x80.jpg 80w, https:\/\/www.entrepueblos.org\/repositoriweb\/wp-content\/uploads\/2025\/09\/SUPLEMENT-Amb-la-Directa-592-publiquem-Flama-Eco-feminista.Un-suplement-de-@efabyayala25-@-36x36.jpg 36w, https:\/\/www.entrepueblos.org\/repositoriweb\/wp-content\/uploads\/2025\/09\/SUPLEMENT-Amb-la-Directa-592-publiquem-Flama-Eco-feminista.Un-suplement-de-@efabyayala25-@-300x300.jpg 300w\" sizes=\"auto, (max-width: 180px) 100vw, 180px\" \/><span class=\"iconfont\" aria-hidden='true' data-av_icon='\ue836' data-av_iconfont='entypo-fontello'><\/span><\/a><\/div><div class='entry-content-wrapper clearfix standard-content'><header class=\"entry-content-header\"><div class=\"temas\"><div class=\"Feminismos term-27\">Feminismos<\/div><div class=\"clearfix\"><\/div><\/div><div class=\"clearfix\"><\/div><\/span><h2 class='post-title entry-title '  itemprop=\"headline\" >\t<a href='https:\/\/www.entrepueblos.org\/repositoriweb\/publicaciones\/llama-ecofeminista-suplemento\/' rel='bookmark' title='Enlace permanente: Llama Ecofeminista: Aprendizajes del primer encuentro de Econom\u00eda feminista de Abya Yala'>Llama Ecofeminista: Aprendizajes del primer encuentro de Econom\u00eda feminista de Abya Yala\t\t\t<span class='post-format-icon minor-meta'><\/span>\t<\/a><\/h2><\/header><div class=\"entry-content\"  itemprop=\"text\" ><p>Nuevo suplemento en colaboraci\u00f3n con La Directa, Llama Ecofeminista: Aprendizajes del primer encuentro de Econom\u00eda feminista de Abya Yala A la I Encuentro\u2026<\/p>\n<div class=\"read-more-link\"><a href=\"https:\/\/www.entrepueblos.org\/repositoriweb\/publicaciones\/llama-ecofeminista-suplemento\/\" class=\"more-link\">Leer m\u00e1s<span class=\"more-link-arrow\">  &rarr;<\/span><\/a><\/div>\n<\/div><footer class=\"entry-footer\"><\/footer><div class='post_delimiter'><\/div><\/div><div class='post_author_timeline'><\/div><\/article><article class='post-entry post-entry-type-standard post-entry-43468 post-loop-2 post-parity-even single-small post proyecto publicacion with-slider post-43468 publicaciones type-publicaciones status-publish has-post-thumbnail hentry category-memorias category-publicaciones'  itemscope=\"itemscope\" itemtype=\"https:\/\/schema.org\/CreativeWork\" ><div class='blog-meta'><a href='https:\/\/www.entrepueblos.org\/repositoriweb\/publicaciones\/memoria-de-actividades-2024\/' class='small-preview' title='Screenshot'><img loading=\"lazy\" decoding=\"async\" width=\"180\" height=\"180\" src=\"https:\/\/www.entrepueblos.org\/repositoriweb\/wp-content\/uploads\/2025\/07\/cabecera_portada_memoria2024-180x180.jpg\" class=\"wp-image-43469 avia-img-lazy-loading-43469 attachment-square size-square wp-post-image\" alt=\"\" srcset=\"https:\/\/www.entrepueblos.org\/repositoriweb\/wp-content\/uploads\/2025\/07\/cabecera_portada_memoria2024-180x180.jpg 180w, https:\/\/www.entrepueblos.org\/repositoriweb\/wp-content\/uploads\/2025\/07\/cabecera_portada_memoria2024-80x80.jpg 80w, https:\/\/www.entrepueblos.org\/repositoriweb\/wp-content\/uploads\/2025\/07\/cabecera_portada_memoria2024-36x36.jpg 36w, https:\/\/www.entrepueblos.org\/repositoriweb\/wp-content\/uploads\/2025\/07\/cabecera_portada_memoria2024-300x300.jpg 300w\" sizes=\"auto, (max-width: 180px) 100vw, 180px\" \/><span class=\"iconfont\" aria-hidden='true' data-av_icon='\ue836' data-av_iconfont='entypo-fontello'><\/span><\/a><\/div><div class='entry-content-wrapper clearfix standard-content'><header class=\"entry-content-header\"><\/span><h2 class='post-title entry-title '  itemprop=\"headline\" >\t<a href='https:\/\/www.entrepueblos.org\/repositoriweb\/publicaciones\/memoria-de-actividades-2024\/' rel='bookmark' title='Enlace permanente: Memoria de actividades 2024: Resistencias que sostienen la vida. Feminismos, soberan\u00edas y luchas por la justicia global'>Memoria de actividades 2024: Resistencias que sostienen la vida. Feminismos, soberan\u00edas y luchas por la justicia global\t\t\t<span class='post-format-icon minor-meta'><\/span>\t<\/a><\/h2><\/header><div class=\"entry-content\"  itemprop=\"text\" ><p>\u00bfQu\u00e9 hemos hecho este a\u00f1o? M\u00e1s de 200 actividades de educaci\u00f3n, sensibilizaci\u00f3n e incidencia feminista, ecosocial y antirracista impulsadas desde\u2026<\/p>\n<div class=\"read-more-link\"><a href=\"https:\/\/www.entrepueblos.org\/repositoriweb\/publicaciones\/memoria-de-actividades-2024\/\" class=\"more-link\">Leer m\u00e1s<span class=\"more-link-arrow\">  &rarr;<\/span><\/a><\/div>\n<\/div><footer class=\"entry-footer\"><\/footer><div class='post_delimiter'><\/div><\/div><div class='post_author_timeline'><\/div><\/article><article class='post-entry post-entry-type-standard post-entry-43374 post-loop-3 post-parity-odd single-small post proyecto publicacion with-slider post-43374 publicaciones type-publicaciones status-publish has-post-thumbnail hentry category-ecologismo-social category-guias-didacticas'  itemscope=\"itemscope\" itemtype=\"https:\/\/schema.org\/CreativeWork\" ><div class='blog-meta'><a href='https:\/\/www.entrepueblos.org\/repositoriweb\/publicaciones\/guia-de-emergencia-climatica-una-propuesta-educativa-para-1o-y-2o-eso\/' class='small-preview' title='Gu\u00eda de Emergencia Clim\u00e1tica: Una propuesta educativa para 1\u00ba y 2\u00ba ESO'><img loading=\"lazy\" decoding=\"async\" width=\"180\" height=\"180\" src=\"https:\/\/www.entrepueblos.org\/repositoriweb\/wp-content\/uploads\/2025\/07\/emergenciaclimatica_guia-180x180.png\" class=\"wp-image-43383 avia-img-lazy-loading-43383 attachment-square size-square wp-post-image\" alt=\"\" srcset=\"https:\/\/www.entrepueblos.org\/repositoriweb\/wp-content\/uploads\/2025\/07\/emergenciaclimatica_guia-180x180.png 180w, https:\/\/www.entrepueblos.org\/repositoriweb\/wp-content\/uploads\/2025\/07\/emergenciaclimatica_guia-298x300.png 298w, https:\/\/www.entrepueblos.org\/repositoriweb\/wp-content\/uploads\/2025\/07\/emergenciaclimatica_guia-80x80.png 80w, https:\/\/www.entrepueblos.org\/repositoriweb\/wp-content\/uploads\/2025\/07\/emergenciaclimatica_guia-36x36.png 36w, https:\/\/www.entrepueblos.org\/repositoriweb\/wp-content\/uploads\/2025\/07\/emergenciaclimatica_guia-300x300.png 300w, https:\/\/www.entrepueblos.org\/repositoriweb\/wp-content\/uploads\/2025\/07\/emergenciaclimatica_guia.png 763w\" sizes=\"auto, (max-width: 180px) 100vw, 180px\" \/><span class=\"iconfont\" aria-hidden='true' data-av_icon='\ue836' data-av_iconfont='entypo-fontello'><\/span><\/a><\/div><div class='entry-content-wrapper clearfix standard-content'><header class=\"entry-content-header\"><div class=\"formato\"><div class=\"Guiasdidcticas\">Guias did\u00e1cticas<\/div><div class=\"clearfix\"><\/div><\/div><div class=\"clearfix\"><\/div><div class=\"temas\"><div class=\"Ecologismosocial term-28\">Ecologismo social<\/div><div class=\"clearfix\"><\/div><\/div><div class=\"clearfix\"><\/div><\/span><h2 class='post-title entry-title '  itemprop=\"headline\" >\t<a href='https:\/\/www.entrepueblos.org\/repositoriweb\/publicaciones\/guia-de-emergencia-climatica-una-propuesta-educativa-para-1o-y-2o-eso\/' rel='bookmark' title='Enlace permanente: Gu\u00eda de Emergencia Clim\u00e1tica: Una propuesta educativa para 1\u00ba y 2\u00ba ESO'>Gu\u00eda de Emergencia Clim\u00e1tica: Una propuesta educativa para 1\u00ba y 2\u00ba ESO\t\t\t<span class='post-format-icon minor-meta'><\/span>\t<\/a><\/h2><\/header><div class=\"entry-content\"  itemprop=\"text\" ><p>En los \u00faltimos a\u00f1os, dada la situaci\u00f3n de emergencia clim\u00e1tica en la que nos encontramos, venimos preparando gu\u00edas para impulsar este tipo de educaci\u00f3n\u2026<\/p>\n<div class=\"read-more-link\"><a href=\"https:\/\/www.entrepueblos.org\/repositoriweb\/publicaciones\/guia-de-emergencia-climatica-una-propuesta-educativa-para-1o-y-2o-eso\/\" class=\"more-link\">Leer m\u00e1s<span class=\"more-link-arrow\">  &rarr;<\/span><\/a><\/div>\n<\/div><footer class=\"entry-footer\"><\/footer><div class='post_delimiter'><\/div><\/div><div class='post_author_timeline'><\/div><\/article><article class='post-entry post-entry-type-standard post-entry-42956 post-loop-4 post-parity-even single-small post proyecto publicacion with-slider post-42956 publicaciones type-publicaciones status-publish has-post-thumbnail hentry category-documentales category-feminismos category-migraciones-y-refugio'  itemscope=\"itemscope\" itemtype=\"https:\/\/schema.org\/CreativeWork\" ><div class='blog-meta'><a href='https:\/\/www.entrepueblos.org\/repositoriweb\/publicaciones\/documental-las-caminantas-teatro-cuidados-y-dignidad-migrante\/' class='small-preview' title='Documental \u00abLas Caminantas\u00bb: teatro, cuidados y dignidad migrante'><img loading=\"lazy\" decoding=\"async\" width=\"180\" height=\"180\" src=\"https:\/\/www.entrepueblos.org\/repositoriweb\/wp-content\/uploads\/2025\/03\/Lascaminantas_documental_entrepueblos-180x180.png\" class=\"wp-image-42160 avia-img-lazy-loading-42160 attachment-square size-square wp-post-image\" alt=\"\" srcset=\"https:\/\/www.entrepueblos.org\/repositoriweb\/wp-content\/uploads\/2025\/03\/Lascaminantas_documental_entrepueblos-180x180.png 180w, https:\/\/www.entrepueblos.org\/repositoriweb\/wp-content\/uploads\/2025\/03\/Lascaminantas_documental_entrepueblos-80x80.png 80w, https:\/\/www.entrepueblos.org\/repositoriweb\/wp-content\/uploads\/2025\/03\/Lascaminantas_documental_entrepueblos-36x36.png 36w, https:\/\/www.entrepueblos.org\/repositoriweb\/wp-content\/uploads\/2025\/03\/Lascaminantas_documental_entrepueblos-300x300.png 300w\" sizes=\"auto, (max-width: 180px) 100vw, 180px\" \/><span class=\"iconfont\" aria-hidden='true' data-av_icon='\ue836' data-av_iconfont='entypo-fontello'><\/span><\/a><\/div><div class='entry-content-wrapper clearfix standard-content'><header class=\"entry-content-header\"><div class=\"formato\"><div class=\"Documentales\">Documentales<\/div><div class=\"clearfix\"><\/div><\/div><div class=\"clearfix\"><\/div><div class=\"temas\"><div class=\"Feminismos term-27\">Feminismos<\/div><div class=\"Migracionesyrefugio term-34\">Migraciones y refugio<\/div><div class=\"clearfix\"><\/div><\/div><div class=\"clearfix\"><\/div><\/span><h2 class='post-title entry-title '  itemprop=\"headline\" >\t<a href='https:\/\/www.entrepueblos.org\/repositoriweb\/publicaciones\/documental-las-caminantas-teatro-cuidados-y-dignidad-migrante\/' rel='bookmark' title='Enlace permanente: Documental \u00abLas Caminantas\u00bb: teatro, cuidados y dignidad migrante'>Documental \u00abLas Caminantas\u00bb: teatro, cuidados y dignidad migrante\t\t\t<span class='post-format-icon minor-meta'><\/span>\t<\/a><\/h2><\/header><div class=\"entry-content\"  itemprop=\"text\" ><p>Un documental sobre las luchas de las trabajadoras del hogar y los cuidados. Direcci\u00f3n: Mayo Pimentel Duraci\u00f3n: 35 min. Producido por Entrepueblos y\u2026<\/p>\n<div class=\"read-more-link\"><a href=\"https:\/\/www.entrepueblos.org\/repositoriweb\/publicaciones\/documental-las-caminantas-teatro-cuidados-y-dignidad-migrante\/\" class=\"more-link\">Leer m\u00e1s<span class=\"more-link-arrow\">  &rarr;<\/span><\/a><\/div>\n<\/div><footer class=\"entry-footer\"><\/footer><div class='post_delimiter'><\/div><\/div><div class='post_author_timeline'><\/div><\/article><article class='post-entry post-entry-type-standard post-entry-42648 post-loop-5 post-parity-odd single-small post proyecto publicacion with-slider post-42648 publicaciones type-publicaciones status-publish has-post-thumbnail hentry category-feminismos category-proteccion-a-defensoras-es-de-dd-hh category-publicaciones'  itemscope=\"itemscope\" itemtype=\"https:\/\/schema.org\/CreativeWork\" ><div class='blog-meta'><a href='https:\/\/www.entrepueblos.org\/repositoriweb\/publicaciones\/podcast-desmantelando-el-salto\/' class='small-preview' title='Podcast \u00abDesmantelando\u00bb junto a El Salto'><img loading=\"lazy\" decoding=\"async\" width=\"180\" height=\"180\" src=\"https:\/\/www.entrepueblos.org\/repositoriweb\/wp-content\/uploads\/2025\/05\/desmantelando_horizontal-1-180x180.jpg\" class=\"wp-image-42645 avia-img-lazy-loading-42645 attachment-square size-square wp-post-image\" alt=\"\" srcset=\"https:\/\/www.entrepueblos.org\/repositoriweb\/wp-content\/uploads\/2025\/05\/desmantelando_horizontal-1-180x180.jpg 180w, https:\/\/www.entrepueblos.org\/repositoriweb\/wp-content\/uploads\/2025\/05\/desmantelando_horizontal-1-80x80.jpg 80w, https:\/\/www.entrepueblos.org\/repositoriweb\/wp-content\/uploads\/2025\/05\/desmantelando_horizontal-1-36x36.jpg 36w, https:\/\/www.entrepueblos.org\/repositoriweb\/wp-content\/uploads\/2025\/05\/desmantelando_horizontal-1-300x300.jpg 300w\" sizes=\"auto, (max-width: 180px) 100vw, 180px\" \/><span class=\"iconfont\" aria-hidden='true' data-av_icon='\ue836' data-av_iconfont='entypo-fontello'><\/span><\/a><\/div><div class='entry-content-wrapper clearfix standard-content'><header class=\"entry-content-header\"><div class=\"temas\"><div class=\"Feminismos term-27\">Feminismos<\/div><div class=\"ProteccinadefensorasDDHH term-33\">Protecci\u00f3n a defensoras DD.HH.<\/div><div class=\"clearfix\"><\/div><\/div><div class=\"clearfix\"><\/div><\/span><h2 class='post-title entry-title '  itemprop=\"headline\" >\t<a href='https:\/\/www.entrepueblos.org\/repositoriweb\/publicaciones\/podcast-desmantelando-el-salto\/' rel='bookmark' title='Enlace permanente: Podcast \u00abDesmantelando\u00bb junto a El Salto'>Podcast \u00abDesmantelando\u00bb junto a El Salto\t\t\t<span class='post-format-icon minor-meta'><\/span>\t<\/a><\/h2><\/header><div class=\"entry-content\"  itemprop=\"text\" ><p>Desde Entrepueblos hemos co-creado el nuevo podcast \u00abDesmantelando\u00bb junto al Salto y la periodista Berta Camprub\u00ed. Desmantelando es un espacio para\u2026<\/p>\n<div class=\"read-more-link\"><a href=\"https:\/\/www.entrepueblos.org\/repositoriweb\/publicaciones\/podcast-desmantelando-el-salto\/\" class=\"more-link\">Leer m\u00e1s<span class=\"more-link-arrow\">  &rarr;<\/span><\/a><\/div>\n<\/div><footer class=\"entry-footer\"><\/footer><div class='post_delimiter'><\/div><\/div><div class='post_author_timeline'><\/div><\/article><article class='post-entry post-entry-type-standard post-entry-42380 post-loop-6 post-parity-even single-small post proyecto publicacion with-slider post-42380 publicaciones type-publicaciones status-publish has-post-thumbnail hentry category-defensa-del-territorio category-ecologismo-social category-educacion-emancipatoria category-feminismos category-publicaciones category-revistas-y-boletines category-territorios'  itemscope=\"itemscope\" itemtype=\"https:\/\/schema.org\/CreativeWork\" ><div class='blog-meta'><a href='https:\/\/www.entrepueblos.org\/repositoriweb\/publicaciones\/revista-83-castellano\/' class='small-preview' title='Screenshot'><img loading=\"lazy\" decoding=\"async\" width=\"180\" height=\"180\" src=\"https:\/\/www.entrepueblos.org\/repositoriweb\/wp-content\/uploads\/2025\/04\/revista83_entrepueblos_portada-180x180.jpg\" class=\"wp-image-42394 avia-img-lazy-loading-42394 attachment-square size-square wp-post-image\" alt=\"\" srcset=\"https:\/\/www.entrepueblos.org\/repositoriweb\/wp-content\/uploads\/2025\/04\/revista83_entrepueblos_portada-180x180.jpg 180w, https:\/\/www.entrepueblos.org\/repositoriweb\/wp-content\/uploads\/2025\/04\/revista83_entrepueblos_portada-80x80.jpg 80w, https:\/\/www.entrepueblos.org\/repositoriweb\/wp-content\/uploads\/2025\/04\/revista83_entrepueblos_portada-36x36.jpg 36w, https:\/\/www.entrepueblos.org\/repositoriweb\/wp-content\/uploads\/2025\/04\/revista83_entrepueblos_portada-300x300.jpg 300w\" sizes=\"auto, (max-width: 180px) 100vw, 180px\" \/><span class=\"iconfont\" aria-hidden='true' data-av_icon='\ue836' data-av_iconfont='entypo-fontello'><\/span><\/a><\/div><div class='entry-content-wrapper clearfix standard-content'><header class=\"entry-content-header\"><div class=\"formato\"><div class=\"Revistasyboletines\">Revistas y boletines<\/div><div class=\"clearfix\"><\/div><\/div><div class=\"clearfix\"><\/div><div class=\"temas\"><div class=\"Defensadelterritorio term-31\">Defensa del territorio<\/div><div class=\"Ecologismosocial term-28\">Ecologismo social<\/div><div class=\"Educacinemancipatoria term-56\">Educaci\u00f3n emancipatoria<\/div><div class=\"Feminismos term-27\">Feminismos<\/div><div class=\"clearfix\"><\/div><\/div><div class=\"clearfix\"><\/div><\/span><h2 class='post-title entry-title '  itemprop=\"headline\" >\t<a href='https:\/\/www.entrepueblos.org\/repositoriweb\/publicaciones\/revista-83-castellano\/' rel='bookmark' title='Enlace permanente: Revista 83: An\u00e1lisis de Alberto Acosta sobre Ecuador; resistencias clim\u00e1ticas desde El Salvador a Val\u00e8ncia; feminismos de Abya Yala; justicia para las mujeres de Manta y mucho m\u00e1s&#8230;'>Revista 83: An\u00e1lisis de Alberto Acosta sobre Ecuador; resistencias clim\u00e1ticas desde El Salvador a Val\u00e8ncia; feminismos de Abya Yala; justicia para las mujeres de Manta y mucho m\u00e1s&#8230;\t\t\t<span class='post-format-icon minor-meta'><\/span>\t<\/a><\/h2><\/header><div class=\"entry-content\"  itemprop=\"text\" ><p>Ya est\u00e1 disponible el nuevo n\u00famero 83 de la Revista Entrepueblos, que se abre con un an\u00e1lisis urgente del economista Alberto Acosta sobre la coyuntura\u2026<\/p>\n<div class=\"read-more-link\"><a href=\"https:\/\/www.entrepueblos.org\/repositoriweb\/publicaciones\/revista-83-castellano\/\" class=\"more-link\">Leer m\u00e1s<span class=\"more-link-arrow\">  &rarr;<\/span><\/a><\/div>\n<\/div><footer class=\"entry-footer\"><\/footer><div class='post_delimiter'><\/div><\/div><div class='post_author_timeline'><\/div><\/article><article class='post-entry post-entry-type-standard post-entry-41941 post-loop-7 post-parity-odd single-small post proyecto publicacion with-slider post-41941 publicaciones type-publicaciones status-publish has-post-thumbnail hentry category-defensa-del-territorio category-feminismos category-multinacionales-y-tratados-comerciales category-proteccion-a-defensoras-es-de-dd-hh category-publicaciones'  itemscope=\"itemscope\" itemtype=\"https:\/\/schema.org\/CreativeWork\" ><div class='blog-meta'><a href='https:\/\/www.entrepueblos.org\/repositoriweb\/publicaciones\/segunda-gira-yasunicemos-el-mundo-de-la-ecotopia-a-la-realidad\/' class='small-preview' title='Segunda gira Yasunicemos el Mundo: de la ecotop\u00eda a la realidad'><img loading=\"lazy\" decoding=\"async\" width=\"180\" height=\"180\" src=\"https:\/\/www.entrepueblos.org\/repositoriweb\/wp-content\/uploads\/2025\/03\/Encontro-Galiza-Ecuador-Defensoras-do-territorio-ELAS-PARAN-O-ESPOLIO-22-outubro-2024-19.00h-180x180.png\" class=\"wp-image-41954 avia-img-lazy-loading-41954 attachment-square size-square wp-post-image\" alt=\"\" srcset=\"https:\/\/www.entrepueblos.org\/repositoriweb\/wp-content\/uploads\/2025\/03\/Encontro-Galiza-Ecuador-Defensoras-do-territorio-ELAS-PARAN-O-ESPOLIO-22-outubro-2024-19.00h-180x180.png 180w, https:\/\/www.entrepueblos.org\/repositoriweb\/wp-content\/uploads\/2025\/03\/Encontro-Galiza-Ecuador-Defensoras-do-territorio-ELAS-PARAN-O-ESPOLIO-22-outubro-2024-19.00h-300x300.png 300w, https:\/\/www.entrepueblos.org\/repositoriweb\/wp-content\/uploads\/2025\/03\/Encontro-Galiza-Ecuador-Defensoras-do-territorio-ELAS-PARAN-O-ESPOLIO-22-outubro-2024-19.00h-1030x1030.png 1030w, https:\/\/www.entrepueblos.org\/repositoriweb\/wp-content\/uploads\/2025\/03\/Encontro-Galiza-Ecuador-Defensoras-do-territorio-ELAS-PARAN-O-ESPOLIO-22-outubro-2024-19.00h-80x80.png 80w, https:\/\/www.entrepueblos.org\/repositoriweb\/wp-content\/uploads\/2025\/03\/Encontro-Galiza-Ecuador-Defensoras-do-territorio-ELAS-PARAN-O-ESPOLIO-22-outubro-2024-19.00h-768x768.png 768w, https:\/\/www.entrepueblos.org\/repositoriweb\/wp-content\/uploads\/2025\/03\/Encontro-Galiza-Ecuador-Defensoras-do-territorio-ELAS-PARAN-O-ESPOLIO-22-outubro-2024-19.00h-36x36.png 36w, https:\/\/www.entrepueblos.org\/repositoriweb\/wp-content\/uploads\/2025\/03\/Encontro-Galiza-Ecuador-Defensoras-do-territorio-ELAS-PARAN-O-ESPOLIO-22-outubro-2024-19.00h-705x705.png 705w, https:\/\/www.entrepueblos.org\/repositoriweb\/wp-content\/uploads\/2025\/03\/Encontro-Galiza-Ecuador-Defensoras-do-territorio-ELAS-PARAN-O-ESPOLIO-22-outubro-2024-19.00h.png 1080w\" sizes=\"auto, (max-width: 180px) 100vw, 180px\" \/><span class=\"iconfont\" aria-hidden='true' data-av_icon='\ue836' data-av_iconfont='entypo-fontello'><\/span><\/a><\/div><div class='entry-content-wrapper clearfix standard-content'><header class=\"entry-content-header\"><div class=\"temas\"><div class=\"Defensadelterritorio term-31\">Defensa del territorio<\/div><div class=\"Feminismos term-27\">Feminismos<\/div><div class=\"Multinacionalesytratados term-32\">Multinacionales y tratados<\/div><div class=\"ProteccinadefensorasDDHH term-33\">Protecci\u00f3n a defensoras DD.HH.<\/div><div class=\"clearfix\"><\/div><\/div><div class=\"clearfix\"><\/div><\/span><h2 class='post-title entry-title '  itemprop=\"headline\" >\t<a href='https:\/\/www.entrepueblos.org\/repositoriweb\/publicaciones\/segunda-gira-yasunicemos-el-mundo-de-la-ecotopia-a-la-realidad\/' rel='bookmark' title='Enlace permanente: Segunda gira Yasunicemos el Mundo: de la ecotop\u00eda a la realidad'>Segunda gira Yasunicemos el Mundo: de la ecotop\u00eda a la realidad\t\t\t<span class='post-format-icon minor-meta'><\/span>\t<\/a><\/h2><\/header><div class=\"entry-content\"  itemprop=\"text\" ><p>Durante octubre de 2024 desde la Asociaci\u00f3n Entrepueblos organizamos la Gira europea \u00abYasunicemos el Mundo: de la ecotop\u00eda a la realidad\u00bb. Recorrimos\u2026<\/p>\n<div class=\"read-more-link\"><a href=\"https:\/\/www.entrepueblos.org\/repositoriweb\/publicaciones\/segunda-gira-yasunicemos-el-mundo-de-la-ecotopia-a-la-realidad\/\" class=\"more-link\">Leer m\u00e1s<span class=\"more-link-arrow\">  &rarr;<\/span><\/a><\/div>\n<\/div><footer class=\"entry-footer\"><\/footer><div class='post_delimiter'><\/div><\/div><div class='post_author_timeline'><\/div><\/article><article class='post-entry post-entry-type-standard post-entry-41649 post-loop-8 post-parity-even single-small post proyecto publicacion with-slider post-41649 publicaciones type-publicaciones status-publish has-post-thumbnail hentry category-defensa-del-territorio category-ecologismo-social category-soberania-alimentaria category-temas'  itemscope=\"itemscope\" itemtype=\"https:\/\/schema.org\/CreativeWork\" ><div class='blog-meta'><a href='https:\/\/www.entrepueblos.org\/repositoriweb\/publicaciones\/50-graus-volum-2-alternatives-reals-emergencia-climatica\/' class='small-preview' title='Documental 50\u00b0C volum II'><img loading=\"lazy\" decoding=\"async\" width=\"180\" height=\"180\" src=\"https:\/\/www.entrepueblos.org\/repositoriweb\/wp-content\/uploads\/2025\/02\/50oc_documental_entrepobles-180x180.png\" class=\"wp-image-41645 avia-img-lazy-loading-41645 attachment-square size-square wp-post-image\" alt=\"\" srcset=\"https:\/\/www.entrepueblos.org\/repositoriweb\/wp-content\/uploads\/2025\/02\/50oc_documental_entrepobles-180x180.png 180w, https:\/\/www.entrepueblos.org\/repositoriweb\/wp-content\/uploads\/2025\/02\/50oc_documental_entrepobles-80x80.png 80w, https:\/\/www.entrepueblos.org\/repositoriweb\/wp-content\/uploads\/2025\/02\/50oc_documental_entrepobles-36x36.png 36w, https:\/\/www.entrepueblos.org\/repositoriweb\/wp-content\/uploads\/2025\/02\/50oc_documental_entrepobles-300x300.png 300w\" sizes=\"auto, (max-width: 180px) 100vw, 180px\" \/><span class=\"iconfont\" aria-hidden='true' data-av_icon='\ue836' data-av_iconfont='entypo-fontello'><\/span><\/a><\/div><div class='entry-content-wrapper clearfix standard-content'><header class=\"entry-content-header\"><div class=\"temas\"><div class=\"Defensadelterritorio term-31\">Defensa del territorio<\/div><div class=\"Ecologismosocial term-28\">Ecologismo social<\/div><div class=\"Soberanaalimentaria term-30\">Soberan\u00eda alimentaria<\/div><div class=\"clearfix\"><\/div><\/div><div class=\"clearfix\"><\/div><\/span><h2 class='post-title entry-title '  itemprop=\"headline\" >\t<a href='https:\/\/www.entrepueblos.org\/repositoriweb\/publicaciones\/50-graus-volum-2-alternatives-reals-emergencia-climatica\/' rel='bookmark' title='Enlace permanente: Documental 50\u00b0C volum II'>Documental 50\u00b0C volum II\t\t\t<span class='post-format-icon minor-meta'><\/span>\t<\/a><\/h2><\/header><div class=\"entry-content\"  itemprop=\"text\" ><p>50\u00b0C volum II ens porta m\u00e9s enll\u00e0 del diagn\u00f2stic de l\u2019emerg\u00e8ncia clim\u00e0tica, amb els seus impactes cada cop m\u00e9s freq\u00fcents, com les sequeres, les\u2026<\/p>\n<div class=\"read-more-link\"><a href=\"https:\/\/www.entrepueblos.org\/repositoriweb\/publicaciones\/50-graus-volum-2-alternatives-reals-emergencia-climatica\/\" class=\"more-link\">Leer m\u00e1s<span class=\"more-link-arrow\">  &rarr;<\/span><\/a><\/div>\n<\/div><footer class=\"entry-footer\"><\/footer><div class='post_delimiter'><\/div><\/div><div class='post_author_timeline'><\/div><\/article><article class='post-entry post-entry-type-standard post-entry-41145 post-loop-9 post-parity-odd single-small post proyecto publicacion with-slider post-41145 publicaciones type-publicaciones status-publish has-post-thumbnail hentry category-feminismos category-multinacionales-y-tratados-comerciales category-proteccion-a-defensoras-es-de-dd-hh category-publicaciones'  itemscope=\"itemscope\" itemtype=\"https:\/\/schema.org\/CreativeWork\" ><div class='blog-meta'><a href='https:\/\/www.entrepueblos.org\/repositoriweb\/publicaciones\/relatoria-de-las-jornadas-derechos-humanos-y-paz-en-america-central\/' class='small-preview' title='Relatoria de las jornadas Derechos humanos y paz en la Am\u00e9rica Central'><img loading=\"lazy\" decoding=\"async\" width=\"180\" height=\"180\" src=\"https:\/\/www.entrepueblos.org\/repositoriweb\/wp-content\/uploads\/2024\/12\/relatoria_taulaxcentreamerica-180x180.png\" class=\"wp-image-41141 avia-img-lazy-loading-41141 attachment-square size-square wp-post-image\" alt=\"\" srcset=\"https:\/\/www.entrepueblos.org\/repositoriweb\/wp-content\/uploads\/2024\/12\/relatoria_taulaxcentreamerica-180x180.png 180w, https:\/\/www.entrepueblos.org\/repositoriweb\/wp-content\/uploads\/2024\/12\/relatoria_taulaxcentreamerica-80x80.png 80w, https:\/\/www.entrepueblos.org\/repositoriweb\/wp-content\/uploads\/2024\/12\/relatoria_taulaxcentreamerica-36x36.png 36w, https:\/\/www.entrepueblos.org\/repositoriweb\/wp-content\/uploads\/2024\/12\/relatoria_taulaxcentreamerica-300x300.png 300w\" sizes=\"auto, (max-width: 180px) 100vw, 180px\" \/><span class=\"iconfont\" aria-hidden='true' data-av_icon='\ue836' data-av_iconfont='entypo-fontello'><\/span><\/a><\/div><div class='entry-content-wrapper clearfix standard-content'><header class=\"entry-content-header\"><div class=\"temas\"><div class=\"Feminismos term-27\">Feminismos<\/div><div class=\"Multinacionalesytratados term-32\">Multinacionales y tratados<\/div><div class=\"ProteccinadefensorasDDHH term-33\">Protecci\u00f3n a defensoras DD.HH.<\/div><div class=\"clearfix\"><\/div><\/div><div class=\"clearfix\"><\/div><\/span><h2 class='post-title entry-title '  itemprop=\"headline\" >\t<a href='https:\/\/www.entrepueblos.org\/repositoriweb\/publicaciones\/relatoria-de-las-jornadas-derechos-humanos-y-paz-en-america-central\/' rel='bookmark' title='Enlace permanente: Relatoria de las jornadas Derechos humanos y paz en la Am\u00e9rica Central'>Relatoria de las jornadas Derechos humanos y paz en la Am\u00e9rica Central\t\t\t<span class='post-format-icon minor-meta'><\/span>\t<\/a><\/h2><\/header><div class=\"entry-content\"  itemprop=\"text\" ><p>Ya tenemos disponible la relatoria de las jornadas sobre los retos que afronta Centroam\u00e9rica, organizadas en Barcelona con la nueva Mesa Catalana por\u2026<\/p>\n<div class=\"read-more-link\"><a href=\"https:\/\/www.entrepueblos.org\/repositoriweb\/publicaciones\/relatoria-de-las-jornadas-derechos-humanos-y-paz-en-america-central\/\" class=\"more-link\">Leer m\u00e1s<span class=\"more-link-arrow\">  &rarr;<\/span><\/a><\/div>\n<\/div><footer class=\"entry-footer\"><\/footer><div class='post_delimiter'><\/div><\/div><div class='post_author_timeline'><\/div><\/article><article class='post-entry post-entry-type-standard post-entry-41027 post-loop-10 post-parity-even post-entry-last single-small post proyecto publicacion with-slider post-41027 publicaciones type-publicaciones status-publish has-post-thumbnail hentry category-defensa-del-territorio category-proteccion-a-defensoras-es-de-dd-hh category-publicaciones category-revistas-y-boletines'  itemscope=\"itemscope\" itemtype=\"https:\/\/schema.org\/CreativeWork\" ><div class='blog-meta'><a href='https:\/\/www.entrepueblos.org\/repositoriweb\/publicaciones\/revista-82-cast\/' class='small-preview' title='Revista 82: El asesinato de Juan L\u00f3pez, defensor del medio ambiente; Segunda gira Yasunicemos el Mundo; Dona&#8217;m Cine culmina con \u00e9xito en su VI edici\u00f3n; Entrevista a Mujeres de Frente y mucho m\u00e1s'><img loading=\"lazy\" decoding=\"async\" width=\"180\" height=\"180\" src=\"https:\/\/www.entrepueblos.org\/repositoriweb\/wp-content\/uploads\/2024\/12\/kaqla_revista82-180x180.png\" class=\"wp-image-40992 avia-img-lazy-loading-40992 attachment-square size-square wp-post-image\" alt=\"\" srcset=\"https:\/\/www.entrepueblos.org\/repositoriweb\/wp-content\/uploads\/2024\/12\/kaqla_revista82-180x180.png 180w, https:\/\/www.entrepueblos.org\/repositoriweb\/wp-content\/uploads\/2024\/12\/kaqla_revista82-80x80.png 80w, https:\/\/www.entrepueblos.org\/repositoriweb\/wp-content\/uploads\/2024\/12\/kaqla_revista82-36x36.png 36w, https:\/\/www.entrepueblos.org\/repositoriweb\/wp-content\/uploads\/2024\/12\/kaqla_revista82-300x300.png 300w\" sizes=\"auto, (max-width: 180px) 100vw, 180px\" \/><span class=\"iconfont\" aria-hidden='true' data-av_icon='\ue836' data-av_iconfont='entypo-fontello'><\/span><\/a><\/div><div class='entry-content-wrapper clearfix standard-content'><header class=\"entry-content-header\"><div class=\"formato\"><div class=\"Revistasyboletines\">Revistas y boletines<\/div><div class=\"clearfix\"><\/div><\/div><div class=\"clearfix\"><\/div><div class=\"temas\"><div class=\"Defensadelterritorio term-31\">Defensa del territorio<\/div><div class=\"ProteccinadefensorasDDHH term-33\">Protecci\u00f3n a defensoras DD.HH.<\/div><div class=\"clearfix\"><\/div><\/div><div class=\"clearfix\"><\/div><\/span><h2 class='post-title entry-title '  itemprop=\"headline\" >\t<a href='https:\/\/www.entrepueblos.org\/repositoriweb\/publicaciones\/revista-82-cast\/' rel='bookmark' title='Enlace permanente: Revista 82: El asesinato de Juan L\u00f3pez, defensor del medio ambiente; Segunda gira Yasunicemos el Mundo; Dona&#8217;m Cine culmina con \u00e9xito en su VI edici\u00f3n; Entrevista a Mujeres de Frente y mucho m\u00e1s'>Revista 82: El asesinato de Juan L\u00f3pez, defensor del medio ambiente; Segunda gira Yasunicemos el Mundo; Dona&#8217;m Cine culmina con \u00e9xito en su VI edici\u00f3n; Entrevista a Mujeres de Frente y mucho m\u00e1s\t\t\t<span class='post-format-icon minor-meta'><\/span>\t<\/a><\/h2><\/header><div class=\"entry-content\"  itemprop=\"text\" ><p>\u00a0Ya tenemos la nueva revista n\u00famero 82 de Entrepueblos que incluye un an\u00e1lisis sobre el asesinato de Juan L\u00f3pez, los hitos y compromisos de la gira\u2026<\/p>\n<div class=\"read-more-link\"><a href=\"https:\/\/www.entrepueblos.org\/repositoriweb\/publicaciones\/revista-82-cast\/\" class=\"more-link\">Leer m\u00e1s<span class=\"more-link-arrow\">  &rarr;<\/span><\/a><\/div>\n<\/div><footer class=\"entry-footer\"><\/footer><div class='post_delimiter'><\/div><\/div><div class='post_author_timeline'><\/div><\/article><div><a href='https:\/\/www.entrepueblos.org\/repositoriweb\/wp-json\/wp\/v2\/pages\/4757\/page\/2\/' class='load-more'>Mostrar m\u00e1s<\/a><\/div><\/div><\/p><\/div>\n","protected":false},"excerpt":{"rendered":"","protected":false},"author":9,"featured_media":0,"parent":0,"menu_order":0,"comment_status":"closed","ping_status":"closed","template":"","meta":{"_acf_changed":false,"_price":"","_stock":"","_tribe_ticket_header":"","_tribe_default_ticket_provider":"","_tribe_ticket_capacity":"0","_ticket_start_date":"","_ticket_end_date":"","_tribe_ticket_show_description":"","_tribe_ticket_show_not_going":false,"_tribe_ticket_use_global_stock":"","_tribe_ticket_global_stock_level":"","_global_stock_mode":"","_global_stock_cap":"","_tribe_rsvp_for_event":"","_tribe_ticket_going_count":"","_tribe_ticket_not_going_count":"","_tribe_tickets_list":"[]","_tribe_ticket_has_attendee_info_fields":false,"footnotes":"","_tec_slr_enabled":"","_tec_slr_layout":""},"class_list":["post-4757","page","type-page","status-publish","hentry"],"acf":[],"yoast_head":"<!-- This site is optimized with the Yoast SEO plugin v25.0 - https:\/\/yoast.com\/wordpress\/plugins\/seo\/ -->\n<title>PUBLICACIONES - Entrepueblos<\/title>\n<meta name=\"robots\" content=\"index, follow, max-snippet:-1, max-image-preview:large, max-video-preview:-1\" \/>\n<link rel=\"canonical\" href=\"https:\/\/www.entrepueblos.org\/repositoriweb\/publicaciones\/\" \/>\n<meta property=\"og:locale\" content=\"es_ES\" \/>\n<meta property=\"og:type\" content=\"article\" \/>\n<meta property=\"og:title\" content=\"PUBLICACIONES - Entrepueblos\" \/>\n<meta property=\"og:url\" content=\"https:\/\/www.entrepueblos.org\/repositoriweb\/publicaciones\/\" \/>\n<meta property=\"og:site_name\" content=\"Entrepueblos\" \/>\n<meta property=\"article:modified_time\" content=\"2023-04-26T14:20:09+00:00\" \/>\n<meta name=\"twitter:card\" content=\"summary_large_image\" \/>\n<meta name=\"twitter:label1\" content=\"Tiempo de lectura\" \/>\n\t<meta name=\"twitter:data1\" content=\"3 minutos\" \/>\n<script type=\"application\/ld+json\" class=\"yoast-schema-graph\">{\"@context\":\"https:\/\/schema.org\",\"@graph\":[{\"@type\":\"WebPage\",\"@id\":\"https:\/\/www.entrepueblos.org\/repositoriweb\/publicaciones\/\",\"url\":\"https:\/\/www.entrepueblos.org\/repositoriweb\/publicaciones\/\",\"name\":\"PUBLICACIONES - Entrepueblos\",\"isPartOf\":{\"@id\":\"https:\/\/www.entrepueblos.org\/repositoriweb\/#website\"},\"datePublished\":\"2018-06-19T12:33:05+00:00\",\"dateModified\":\"2023-04-26T14:20:09+00:00\",\"breadcrumb\":{\"@id\":\"https:\/\/www.entrepueblos.org\/repositoriweb\/publicaciones\/#breadcrumb\"},\"inLanguage\":\"es\",\"potentialAction\":[{\"@type\":\"ReadAction\",\"target\":[\"https:\/\/www.entrepueblos.org\/repositoriweb\/publicaciones\/\"]}]},{\"@type\":\"BreadcrumbList\",\"@id\":\"https:\/\/www.entrepueblos.org\/repositoriweb\/publicaciones\/#breadcrumb\",\"itemListElement\":[{\"@type\":\"ListItem\",\"position\":1,\"name\":\"Portada\",\"item\":\"https:\/\/www.entrepueblos.org\/repositoriweb\/\"},{\"@type\":\"ListItem\",\"position\":2,\"name\":\"PUBLICACIONES\"}]},{\"@type\":\"WebSite\",\"@id\":\"https:\/\/www.entrepueblos.org\/repositoriweb\/#website\",\"url\":\"https:\/\/www.entrepueblos.org\/repositoriweb\/\",\"name\":\"Entrepueblos\",\"description\":\"Cooperaci\u00f3n pueblo a pueblo\",\"potentialAction\":[{\"@type\":\"SearchAction\",\"target\":{\"@type\":\"EntryPoint\",\"urlTemplate\":\"https:\/\/www.entrepueblos.org\/repositoriweb\/?s={search_term_string}\"},\"query-input\":{\"@type\":\"PropertyValueSpecification\",\"valueRequired\":true,\"valueName\":\"search_term_string\"}}],\"inLanguage\":\"es\"}]}<\/script>\n<!-- \/ Yoast SEO plugin. -->","yoast_head_json":{"title":"PUBLICACIONES - Entrepueblos","robots":{"index":"index","follow":"follow","max-snippet":"max-snippet:-1","max-image-preview":"max-image-preview:large","max-video-preview":"max-video-preview:-1"},"canonical":"https:\/\/www.entrepueblos.org\/repositoriweb\/publicaciones\/","og_locale":"es_ES","og_type":"article","og_title":"PUBLICACIONES - Entrepueblos","og_url":"https:\/\/www.entrepueblos.org\/repositoriweb\/publicaciones\/","og_site_name":"Entrepueblos","article_modified_time":"2023-04-26T14:20:09+00:00","twitter_card":"summary_large_image","twitter_misc":{"Tiempo de lectura":"3 minutos"},"schema":{"@context":"https:\/\/schema.org","@graph":[{"@type":"WebPage","@id":"https:\/\/www.entrepueblos.org\/repositoriweb\/publicaciones\/","url":"https:\/\/www.entrepueblos.org\/repositoriweb\/publicaciones\/","name":"PUBLICACIONES - Entrepueblos","isPartOf":{"@id":"https:\/\/www.entrepueblos.org\/repositoriweb\/#website"},"datePublished":"2018-06-19T12:33:05+00:00","dateModified":"2023-04-26T14:20:09+00:00","breadcrumb":{"@id":"https:\/\/www.entrepueblos.org\/repositoriweb\/publicaciones\/#breadcrumb"},"inLanguage":"es","potentialAction":[{"@type":"ReadAction","target":["https:\/\/www.entrepueblos.org\/repositoriweb\/publicaciones\/"]}]},{"@type":"BreadcrumbList","@id":"https:\/\/www.entrepueblos.org\/repositoriweb\/publicaciones\/#breadcrumb","itemListElement":[{"@type":"ListItem","position":1,"name":"Portada","item":"https:\/\/www.entrepueblos.org\/repositoriweb\/"},{"@type":"ListItem","position":2,"name":"PUBLICACIONES"}]},{"@type":"WebSite","@id":"https:\/\/www.entrepueblos.org\/repositoriweb\/#website","url":"https:\/\/www.entrepueblos.org\/repositoriweb\/","name":"Entrepueblos","description":"Cooperaci\u00f3n pueblo a pueblo","potentialAction":[{"@type":"SearchAction","target":{"@type":"EntryPoint","urlTemplate":"https:\/\/www.entrepueblos.org\/repositoriweb\/?s={search_term_string}"},"query-input":{"@type":"PropertyValueSpecification","valueRequired":true,"valueName":"search_term_string"}}],"inLanguage":"es"}]}},"ticketed":false,"_links":{"self":[{"href":"https:\/\/www.entrepueblos.org\/repositoriweb\/wp-json\/wp\/v2\/pages\/4757","targetHints":{"allow":["GET"]}}],"collection":[{"href":"https:\/\/www.entrepueblos.org\/repositoriweb\/wp-json\/wp\/v2\/pages"}],"about":[{"href":"https:\/\/www.entrepueblos.org\/repositoriweb\/wp-json\/wp\/v2\/types\/page"}],"author":[{"embeddable":true,"href":"https:\/\/www.entrepueblos.org\/repositoriweb\/wp-json\/wp\/v2\/users\/9"}],"replies":[{"embeddable":true,"href":"https:\/\/www.entrepueblos.org\/repositoriweb\/wp-json\/wp\/v2\/comments?post=4757"}],"version-history":[{"count":19,"href":"https:\/\/www.entrepueblos.org\/repositoriweb\/wp-json\/wp\/v2\/pages\/4757\/revisions"}],"predecessor-version":[{"id":39018,"href":"https:\/\/www.entrepueblos.org\/repositoriweb\/wp-json\/wp\/v2\/pages\/4757\/revisions\/39018"}],"wp:attachment":[{"href":"https:\/\/www.entrepueblos.org\/repositoriweb\/wp-json\/wp\/v2\/media?parent=4757"}],"curies":[{"name":"wp","href":"https:\/\/api.w.org\/{rel}","templated":true}]}}