{"id":653,"date":"2018-05-08T16:24:56","date_gmt":"2018-05-08T16:24:56","guid":{"rendered":"https:\/\/entrepueblos.org\/?page_id=653"},"modified":"2023-05-08T15:19:29","modified_gmt":"2023-05-08T15:19:29","slug":"educacion-emancipatoria","status":"publish","type":"page","link":"https:\/\/www.entrepueblos.org\/repositoriweb\/educacion-emancipatoria\/","title":{"rendered":"EDUCACI\u00d3N EMANCIPATORIA"},"content":{"rendered":"<div id='av_section_1'  class='avia-section main_color avia-section-default avia-no-border-styling  avia-full-stretch av-parallax-section av-section-color-overlay-active avia-bg-style-parallax  avia-builder-el-0  el_before_av_section  avia-builder-el-first  header-section  av-small-hide av-mini-hide av-minimum-height av-minimum-height-50  container_wrap sidebar_right' style=' '  data-section-bg-repeat='stretch' data-av_minimum_height_pc='50'><div class='av-parallax' data-avia-parallax-ratio='0.3' ><div class='av-parallax-inner main_color  avia-full-stretch' style = 'background-repeat: no-repeat; background-image: url(https:\/\/www.entrepueblos.org\/repositoriweb\/wp-content\/uploads\/2018\/05\/proyectos.jpg);background-attachment: scroll; background-position: center center; ' ><\/div><\/div><div class='av-section-color-overlay-wrap'><div class='av-section-color-overlay' style='opacity: 0.7; background-color: #3f3f3f; '><\/div><div class='container' ><main  role=\"main\" itemprop=\"mainContentOfPage\"  class='template-page content  av-content-small alpha units'><div class='post-entry post-entry-type-page post-entry-653'><div class='entry-content-wrapper clearfix'>\n<div class=\"flex_column av_one_full  flex_column_div av-zero-column-padding first  avia-builder-el-1  avia-builder-el-no-sibling  title-ot \" style='border-radius:0px; '><section class=\"av_textblock_section \"  itemscope=\"itemscope\" itemtype=\"https:\/\/schema.org\/CreativeWork\" ><div class='avia_textblock ot-title av_inherit_color '  style='color:#ffffff; '  itemprop=\"text\" ><h2 style=\"text-align: center;\">Pretendemos una educaci\u00f3n popular emancipatoria como proceso de empoderamiento social<\/h2>\n<\/div><\/section><\/div><\/div><\/div><\/main><!-- close content main element --><\/div><\/div><\/div><div id='av_section_2'  class='avia-section main_color avia-section-default avia-no-border-styling  avia-full-stretch av-parallax-section av-section-color-overlay-active avia-bg-style-parallax  avia-builder-el-3  el_after_av_section  el_before_av_codeblock  header-section-mobile  av-desktop-hide av-medium-hide av-minimum-height av-minimum-height-75  container_wrap sidebar_right' style=' '  data-section-bg-repeat='stretch' data-av_minimum_height_pc='75'><div class='av-parallax' data-avia-parallax-ratio='0.3' ><div class='av-parallax-inner main_color  avia-full-stretch' style = 'background-repeat: no-repeat; background-image: url(https:\/\/www.entrepueblos.org\/repositoriweb\/wp-content\/uploads\/2018\/05\/proyectos.jpg);background-attachment: scroll; background-position: center center; ' ><\/div><\/div><div class='av-section-color-overlay-wrap'><div class='av-section-color-overlay' style='opacity: 0.7; background-color: #3f3f3f; '><\/div><div class='container' ><div class='template-page content  av-content-small alpha units'><div class='post-entry post-entry-type-page post-entry-653'><div class='entry-content-wrapper clearfix'>\n<div class=\"flex_column av_one_full  flex_column_div av-zero-column-padding first  avia-builder-el-4  avia-builder-el-no-sibling  title-ot-mobile \" style='border-radius:0px; '><section class=\"av_textblock_section \"  itemscope=\"itemscope\" itemtype=\"https:\/\/schema.org\/CreativeWork\" ><div class='avia_textblock text-title-mobile av_inherit_color '  style='color:#ffffff; '  itemprop=\"text\" ><h2 style=\"text-align: center;\">Pretendemos una educaci\u00f3n popular emancipatoria como proceso de empoderamiento social<\/h2>\n<\/div><\/section><\/div><\/div><\/div><\/div><!-- close content main div --><\/div><\/div><\/div><div id='after_section_2'  class='main_color av_default_container_wrap container_wrap sidebar_right' style=' '  ><div class='container' ><div class='template-page content  av-content-small alpha units'><div class='post-entry post-entry-type-page post-entry-653'><div class='entry-content-wrapper clearfix'><\/p>\n<div class=\"flex_column av_one_full  flex_column_div av-zero-column-padding first  avia-builder-el-7  el_after_av_codeblock  avia-builder-el-last  \" style='border-radius:0px; '><section class=\"av_textblock_section \"  itemscope=\"itemscope\" itemtype=\"https:\/\/schema.org\/CreativeWork\" ><div class='avia_textblock filtros-mobile-block '   itemprop=\"text\" ><div class=\"temas-filtro mobile\">\n<h3 class=\"widgettitle title-filtro\">FILTRAR POR TEMAS<\/h3>\n<div class='category_filter'><ul>\t<li class=\"cat-item cat-item-31\"><a href=\"https:\/\/www.entrepueblos.org\/repositoriweb\/category\/temas\/defensa-del-territorio\/\">Defensa del territorio<\/a>\n<\/li>\n\t<li class=\"cat-item cat-item-28\"><a href=\"https:\/\/www.entrepueblos.org\/repositoriweb\/category\/temas\/ecologismo-social\/\">Ecologismo social<\/a>\n<\/li>\n\t<li class=\"cat-item cat-item-29\"><a href=\"https:\/\/www.entrepueblos.org\/repositoriweb\/category\/temas\/economia-social-y-solidaria\/\">Econom\u00eda social y solidaria<\/a>\n<\/li>\n\t<li class=\"cat-item cat-item-56\"><a href=\"https:\/\/www.entrepueblos.org\/repositoriweb\/category\/temas\/educacion-emancipatoria\/\">Educaci\u00f3n emancipatoria<\/a>\n<\/li>\n\t<li class=\"cat-item cat-item-27\"><a href=\"https:\/\/www.entrepueblos.org\/repositoriweb\/category\/temas\/feminismos\/\">Feminismos<\/a>\n<\/li>\n\t<li class=\"cat-item cat-item-1018\"><a href=\"https:\/\/www.entrepueblos.org\/repositoriweb\/category\/temas\/libertad-de-expresion\/\">Libertad de Expresi\u00f3n<\/a>\n<\/li>\n\t<li class=\"cat-item cat-item-36\"><a href=\"https:\/\/www.entrepueblos.org\/repositoriweb\/category\/temas\/memoria-historica-justicia-y-reparacion\/\">Mem\u00f3ria hist\u00f3rica<\/a>\n<\/li>\n\t<li class=\"cat-item cat-item-34\"><a href=\"https:\/\/www.entrepueblos.org\/repositoriweb\/category\/temas\/migraciones-y-refugio\/\">Migraciones y refugio<\/a>\n<\/li>\n\t<li class=\"cat-item cat-item-32\"><a href=\"https:\/\/www.entrepueblos.org\/repositoriweb\/category\/temas\/multinacionales-y-tratados-comerciales\/\">Multinacionales y tratados<\/a>\n<\/li>\n\t<li class=\"cat-item cat-item-33\"><a href=\"https:\/\/www.entrepueblos.org\/repositoriweb\/category\/temas\/proteccion-a-defensoras-es-de-dd-hh\/\">Protecci\u00f3n a defensoras DD.HH.<\/a>\n<\/li>\n\t<li class=\"cat-item cat-item-35\"><a href=\"https:\/\/www.entrepueblos.org\/repositoriweb\/category\/temas\/pueblos-indigenas\/\">Pueblos ind\u00edgenas<\/a>\n<\/li>\n\t<li class=\"cat-item cat-item-30\"><a href=\"https:\/\/www.entrepueblos.org\/repositoriweb\/category\/temas\/soberania-alimentaria\/\">Soberan\u00eda alimentaria<\/a>\n<\/li>\n\t<li class=\"cat-item cat-item-37\"><a href=\"https:\/\/www.entrepueblos.org\/repositoriweb\/category\/temas\/zotros-2\/\">Otros<\/a>\n<\/li>\n<\/ul><\/div><\/div>\n<div class=\"formato-filtro mobile\">\n<h3 class=\"widgettitle title-filtro\">FILTRAR POR FORMATO<\/h3>\n<div class='category_filter'><ul>\t<li class=\"cat-item cat-item-24\"><a href=\"https:\/\/www.entrepueblos.org\/repositoriweb\/category\/formatos\/blogs\/\">Blogs<\/a>\n<\/li>\n\t<li class=\"cat-item cat-item-21\"><a href=\"https:\/\/www.entrepueblos.org\/repositoriweb\/category\/formatos\/documentales\/\">Documentales<\/a>\n<\/li>\n\t<li class=\"cat-item cat-item-19\"><a href=\"https:\/\/www.entrepueblos.org\/repositoriweb\/category\/formatos\/exposiciones\/\">Exposiciones<\/a>\n<\/li>\n\t<li class=\"cat-item cat-item-20\"><a href=\"https:\/\/www.entrepueblos.org\/repositoriweb\/category\/formatos\/guias-didacticas\/\">Guias did\u00e1cticas<\/a>\n<\/li>\n\t<li class=\"cat-item cat-item-891\"><a href=\"https:\/\/www.entrepueblos.org\/repositoriweb\/category\/formatos\/infografias\/\">Infografias<\/a>\n<\/li>\n\t<li class=\"cat-item cat-item-23\"><a href=\"https:\/\/www.entrepueblos.org\/repositoriweb\/category\/formatos\/libros\/\">Libros<\/a>\n<\/li>\n\t<li class=\"cat-item cat-item-25\"><a href=\"https:\/\/www.entrepueblos.org\/repositoriweb\/category\/formatos\/otros\/\">Otros<\/a>\n<\/li>\n\t<li class=\"cat-item cat-item-18\"><a href=\"https:\/\/www.entrepueblos.org\/repositoriweb\/category\/formatos\/revistas-y-boletines\/\">Revistas y boletines<\/a>\n<\/li>\n\t<li class=\"cat-item cat-item-887\"><a href=\"https:\/\/www.entrepueblos.org\/repositoriweb\/category\/formatos\/web\/\">Web<\/a>\n<\/li>\n<\/ul><\/div><\/div>\n<div class='filter_clean'><a>Limpiar filtros<\/a><\/div>\n<\/div><\/section><br \/>\n<div  class='av-alb-blogposts template-blog  av-blog-meta-author-disabled av-blog-meta-comments-disabled section_load_ajax '  itemscope=\"itemscope\" itemtype=\"https:\/\/schema.org\/Blog\" ><article class='post-entry post-entry-type-standard post-entry-43355 post-loop-1 post-parity-odd single-small post proyecto proyecto-educativo section_load_ajax with-slider post-43355 pr_educativos type-pr_educativos status-publish has-post-thumbnail hentry category-defensa-del-territorio category-proteccion-a-defensoras-es-de-dd-hh'  itemscope=\"itemscope\" itemtype=\"https:\/\/schema.org\/CreativeWork\" ><div class='blog-meta'><a href='https:\/\/www.entrepueblos.org\/repositoriweb\/pr_educativos\/cuidando-el-planeta-justicia-ambiental-transicion-ecosocial\/' class='small-preview' title='Cuidando el planeta: Juventud y ciudadan\u00eda valenciana movilizadas por la justicia ambiental y la transici\u00f3n ecosocial'><img loading=\"lazy\" decoding=\"async\" width=\"180\" height=\"180\" src=\"https:\/\/www.entrepueblos.org\/repositoriweb\/wp-content\/uploads\/2025\/07\/POST-XARXES-CUIDANT-EL-PLANETA-1-180x180.png\" class=\"wp-image-43369 avia-img-lazy-loading-43369 attachment-square size-square wp-post-image\" alt=\"\" srcset=\"https:\/\/www.entrepueblos.org\/repositoriweb\/wp-content\/uploads\/2025\/07\/POST-XARXES-CUIDANT-EL-PLANETA-1-180x180.png 180w, https:\/\/www.entrepueblos.org\/repositoriweb\/wp-content\/uploads\/2025\/07\/POST-XARXES-CUIDANT-EL-PLANETA-1-300x300.png 300w, https:\/\/www.entrepueblos.org\/repositoriweb\/wp-content\/uploads\/2025\/07\/POST-XARXES-CUIDANT-EL-PLANETA-1-1030x1030.png 1030w, https:\/\/www.entrepueblos.org\/repositoriweb\/wp-content\/uploads\/2025\/07\/POST-XARXES-CUIDANT-EL-PLANETA-1-80x80.png 80w, https:\/\/www.entrepueblos.org\/repositoriweb\/wp-content\/uploads\/2025\/07\/POST-XARXES-CUIDANT-EL-PLANETA-1-768x768.png 768w, https:\/\/www.entrepueblos.org\/repositoriweb\/wp-content\/uploads\/2025\/07\/POST-XARXES-CUIDANT-EL-PLANETA-1-36x36.png 36w, https:\/\/www.entrepueblos.org\/repositoriweb\/wp-content\/uploads\/2025\/07\/POST-XARXES-CUIDANT-EL-PLANETA-1-705x705.png 705w, https:\/\/www.entrepueblos.org\/repositoriweb\/wp-content\/uploads\/2025\/07\/POST-XARXES-CUIDANT-EL-PLANETA-1.png 1080w\" sizes=\"auto, (max-width: 180px) 100vw, 180px\" \/><span class=\"iconfont\" aria-hidden='true' data-av_icon='\ue836' data-av_iconfont='entypo-fontello'><\/span><\/a><\/div><div class='entry-content-wrapper clearfix standard-content'><header class=\"entry-content-header\"><div class='estado'>En ejecuci\u00f3n<\/div><div class=\"temas\"><div class=\"Defensadelterritorio term-31\">Defensa del territorio<\/div><div class=\"ProteccinadefensorasDDHH term-33\">Protecci\u00f3n a defensoras DD.HH.<\/div><div class=\"clearfix\"><\/div><\/div><div class=\"clearfix\"><\/div><\/span><h2 class='post-title entry-title '  itemprop=\"headline\" >\t<a href='https:\/\/www.entrepueblos.org\/repositoriweb\/pr_educativos\/cuidando-el-planeta-justicia-ambiental-transicion-ecosocial\/' rel='bookmark' title='Enlace permanente: Cuidando el planeta: Juventud y ciudadan\u00eda valenciana movilizadas por la justicia ambiental y la transici\u00f3n ecosocial'>Cuidando el planeta: Juventud y ciudadan\u00eda valenciana movilizadas por la justicia ambiental y la transici\u00f3n ecosocial\t\t\t<span class='post-format-icon minor-meta'><\/span>\t<\/a><\/h2><\/header><div class=\"entry-content\"  itemprop=\"text\" ><p>La emergencia clim\u00e1tica supone el mayor desaf\u00edo global al que se enfrenta el conjunto de la humanidad y esta tiene consecuencias potencialmente devastadoras\u2026<\/p>\n<div class=\"read-more-link\"><a href=\"https:\/\/www.entrepueblos.org\/repositoriweb\/pr_educativos\/cuidando-el-planeta-justicia-ambiental-transicion-ecosocial\/\" class=\"more-link\">Leer m\u00e1s<span class=\"more-link-arrow\">  &rarr;<\/span><\/a><\/div>\n<\/div><footer class=\"entry-footer\"><\/footer><div class='post_delimiter'><\/div><\/div><div class='post_author_timeline'><\/div><\/article><article class='post-entry post-entry-type-standard post-entry-43350 post-loop-2 post-parity-even single-small post proyecto proyecto-educativo section_load_ajax  post-43350 pr_educativos type-pr_educativos status-publish hentry category-defensa-del-territorio category-proteccion-a-defensoras-es-de-dd-hh category-proyectos'  itemscope=\"itemscope\" itemtype=\"https:\/\/schema.org\/CreativeWork\" ><div class='blog-meta'><a href='https:\/\/www.entrepueblos.org\/repositoriweb\/pr_educativos\/enredando-resistencias-defensa-bienes-comunes\/' class='small-preview' title='Enredando resistencias por la defensa de los bienes comunes que pongan la vida en el centro.'><span class=\"iconfont\" aria-hidden='true' data-av_icon='\ue836' data-av_iconfont='entypo-fontello'><\/span><\/a><\/div><div class='entry-content-wrapper clearfix standard-content'><header class=\"entry-content-header\"><div class='estado'>En ejecuci\u00f3n<\/div><div class=\"temas\"><div class=\"Defensadelterritorio term-31\">Defensa del territorio<\/div><div class=\"ProteccinadefensorasDDHH term-33\">Protecci\u00f3n a defensoras DD.HH.<\/div><div class=\"clearfix\"><\/div><\/div><div class=\"clearfix\"><\/div><\/span><h2 class='post-title entry-title '  itemprop=\"headline\" >\t<a href='https:\/\/www.entrepueblos.org\/repositoriweb\/pr_educativos\/enredando-resistencias-defensa-bienes-comunes\/' rel='bookmark' title='Enlace permanente: Enredando resistencias por la defensa de los bienes comunes que pongan la vida en el centro.'>Enredando resistencias por la defensa de los bienes comunes que pongan la vida en el centro.\t\t\t<span class='post-format-icon minor-meta'><\/span>\t<\/a><\/h2><\/header><div class=\"entry-content\"  itemprop=\"text\" ><p>El aumento en la violencia, los ataques y la criminalizaci\u00f3n hacia las personas defensoras est\u00e1 favoreciendo el retroceso en el cumplimiento efectivo\u2026<\/p>\n<div class=\"read-more-link\"><a href=\"https:\/\/www.entrepueblos.org\/repositoriweb\/pr_educativos\/enredando-resistencias-defensa-bienes-comunes\/\" class=\"more-link\">Leer m\u00e1s<span class=\"more-link-arrow\">  &rarr;<\/span><\/a><\/div>\n<\/div><footer class=\"entry-footer\"><\/footer><div class='post_delimiter'><\/div><\/div><div class='post_author_timeline'><\/div><\/article><article class='post-entry post-entry-type-standard post-entry-43344 post-loop-3 post-parity-odd single-small post proyecto proyecto-educativo section_load_ajax  post-43344 pr_educativos type-pr_educativos status-publish hentry category-defensa-del-territorio category-proteccion-a-defensoras-es-de-dd-hh'  itemscope=\"itemscope\" itemtype=\"https:\/\/schema.org\/CreativeWork\" ><div class='blog-meta'><a href='https:\/\/www.entrepueblos.org\/repositoriweb\/pr_educativos\/tejiendo-redes-defensa-ddhh-tierra\/' class='small-preview' title='Tejiendo redes desde Elche para la defensa de los DDHH y de la tierra'><span class=\"iconfont\" aria-hidden='true' data-av_icon='\ue836' data-av_iconfont='entypo-fontello'><\/span><\/a><\/div><div class='entry-content-wrapper clearfix standard-content'><header class=\"entry-content-header\"><div class='estado'>En ejecuci\u00f3n<\/div><div class=\"temas\"><div class=\"Defensadelterritorio term-31\">Defensa del territorio<\/div><div class=\"ProteccinadefensorasDDHH term-33\">Protecci\u00f3n a defensoras DD.HH.<\/div><div class=\"clearfix\"><\/div><\/div><div class=\"clearfix\"><\/div><\/span><h2 class='post-title entry-title '  itemprop=\"headline\" >\t<a href='https:\/\/www.entrepueblos.org\/repositoriweb\/pr_educativos\/tejiendo-redes-defensa-ddhh-tierra\/' rel='bookmark' title='Enlace permanente: Tejiendo redes desde Elche para la defensa de los DDHH y de la tierra'>Tejiendo redes desde Elche para la defensa de los DDHH y de la tierra\t\t\t<span class='post-format-icon minor-meta'><\/span>\t<\/a><\/h2><\/header><div class=\"entry-content\"  itemprop=\"text\" ><p>Este proyecto quiere visibilizar la labor de las defensoras de los DDHH y sus luchas, los modelos de desarrollo que defienden, a la vez que visibilizar\u2026<\/p>\n<div class=\"read-more-link\"><a href=\"https:\/\/www.entrepueblos.org\/repositoriweb\/pr_educativos\/tejiendo-redes-defensa-ddhh-tierra\/\" class=\"more-link\">Leer m\u00e1s<span class=\"more-link-arrow\">  &rarr;<\/span><\/a><\/div>\n<\/div><footer class=\"entry-footer\"><\/footer><div class='post_delimiter'><\/div><\/div><div class='post_author_timeline'><\/div><\/article><article class='post-entry post-entry-type-standard post-entry-24030 post-loop-4 post-parity-even single-small post proyecto proyecto-educativo section_load_ajax  post-24030 pr_educativos type-pr_educativos status-publish hentry category-ecologismo-social category-feminismos category-proteccion-a-defensoras-es-de-dd-hh category-proyectos category-temas category-territorios'  itemscope=\"itemscope\" itemtype=\"https:\/\/schema.org\/CreativeWork\" ><div class='blog-meta'><a href='https:\/\/www.entrepueblos.org\/repositoriweb\/pr_educativos\/emergencia-climatica-y-ecologica\/' class='small-preview' title='Proteger el derecho a defender un futuro en un mundo en emergencia clim\u00e1tica y ecol\u00f3gica'><span class=\"iconfont\" aria-hidden='true' data-av_icon='\ue836' data-av_iconfont='entypo-fontello'><\/span><\/a><\/div><div class='entry-content-wrapper clearfix standard-content'><header class=\"entry-content-header\"><div class='estado'>En ejecuci\u00f3n<\/div><div class=\"temas\"><div class=\"Ecologismosocial term-28\">Ecologismo social<\/div><div class=\"Feminismos term-27\">Feminismos<\/div><div class=\"ProteccinadefensorasDDHH term-33\">Protecci\u00f3n a defensoras DD.HH.<\/div><div class=\"clearfix\"><\/div><\/div><div class=\"clearfix\"><\/div><\/span><h2 class='post-title entry-title '  itemprop=\"headline\" >\t<a href='https:\/\/www.entrepueblos.org\/repositoriweb\/pr_educativos\/emergencia-climatica-y-ecologica\/' rel='bookmark' title='Enlace permanente: Proteger el derecho a defender un futuro en un mundo en emergencia clim\u00e1tica y ecol\u00f3gica'>Proteger el derecho a defender un futuro en un mundo en emergencia clim\u00e1tica y ecol\u00f3gica\t\t\t<span class='post-format-icon minor-meta'><\/span>\t<\/a><\/h2><\/header><div class=\"entry-content\"  itemprop=\"text\" ><p>El programa que presentamos Entrepueblos y IDHC es continuidad del aprobado en convocatoria 2017 \u00a0actualmente en curso. En la descripci\u00f3n del programa\u2026<\/p>\n<div class=\"read-more-link\"><a href=\"https:\/\/www.entrepueblos.org\/repositoriweb\/pr_educativos\/emergencia-climatica-y-ecologica\/\" class=\"more-link\">Leer m\u00e1s<span class=\"more-link-arrow\">  &rarr;<\/span><\/a><\/div>\n<\/div><footer class=\"entry-footer\"><\/footer><div class='post_delimiter'><\/div><\/div><div class='post_author_timeline'><\/div><\/article><article class='post-entry post-entry-type-standard post-entry-24042 post-loop-5 post-parity-odd single-small post proyecto proyecto-educativo section_load_ajax with-slider post-24042 pr_educativos type-pr_educativos status-publish has-post-thumbnail hentry category-blogs category-proyectos'  itemscope=\"itemscope\" itemtype=\"https:\/\/schema.org\/CreativeWork\" ><div class='blog-meta'><a href='https:\/\/www.entrepueblos.org\/repositoriweb\/pr_educativos\/cultopias-iniciativas-culturales-para-transformar-el-mundo\/' class='small-preview' title='Cultop\u00edas: Iniciativas culturales para transformar el mundo'><img loading=\"lazy\" decoding=\"async\" width=\"180\" height=\"180\" src=\"https:\/\/www.entrepueblos.org\/repositoriweb\/wp-content\/uploads\/2021\/01\/Cultopias_Gral_2-180x180.jpg\" class=\"wp-image-24143 avia-img-lazy-loading-24143 attachment-square size-square wp-post-image\" alt=\"\" srcset=\"https:\/\/www.entrepueblos.org\/repositoriweb\/wp-content\/uploads\/2021\/01\/Cultopias_Gral_2-180x180.jpg 180w, https:\/\/www.entrepueblos.org\/repositoriweb\/wp-content\/uploads\/2021\/01\/Cultopias_Gral_2-80x80.jpg 80w, https:\/\/www.entrepueblos.org\/repositoriweb\/wp-content\/uploads\/2021\/01\/Cultopias_Gral_2-36x36.jpg 36w, https:\/\/www.entrepueblos.org\/repositoriweb\/wp-content\/uploads\/2021\/01\/Cultopias_Gral_2-300x300.jpg 300w\" sizes=\"auto, (max-width: 180px) 100vw, 180px\" \/><span class=\"iconfont\" aria-hidden='true' data-av_icon='\ue836' data-av_iconfont='entypo-fontello'><\/span><\/a><\/div><div class='entry-content-wrapper clearfix standard-content'><header class=\"entry-content-header\"><div class='estado'>En ejecuci\u00f3n<\/div><div class=\"formato\"><div class=\"Blogs\">Blogs<\/div><div class=\"clearfix\"><\/div><\/div><div class=\"clearfix\"><\/div><\/span><h2 class='post-title entry-title '  itemprop=\"headline\" >\t<a href='https:\/\/www.entrepueblos.org\/repositoriweb\/pr_educativos\/cultopias-iniciativas-culturales-para-transformar-el-mundo\/' rel='bookmark' title='Enlace permanente: Cultop\u00edas: Iniciativas culturales para transformar el mundo'>Cultop\u00edas: Iniciativas culturales para transformar el mundo\t\t\t<span class='post-format-icon minor-meta'><\/span>\t<\/a><\/h2><\/header><div class=\"entry-content\"  itemprop=\"text\" ><p>Con el presente proyecto se pretende crear un \u00abcontenedor cultural\u00bb web con las creaciones de colectivos que ponen sus diferentes artes en el servicio\u2026<\/p>\n<div class=\"read-more-link\"><a href=\"https:\/\/www.entrepueblos.org\/repositoriweb\/pr_educativos\/cultopias-iniciativas-culturales-para-transformar-el-mundo\/\" class=\"more-link\">Leer m\u00e1s<span class=\"more-link-arrow\">  &rarr;<\/span><\/a><\/div>\n<\/div><footer class=\"entry-footer\"><\/footer><div class='post_delimiter'><\/div><\/div><div class='post_author_timeline'><\/div><\/article><article class='post-entry post-entry-type-standard post-entry-5792 post-loop-6 post-parity-even single-small post proyecto proyecto-educativo section_load_ajax proyecto-terminado with-slider post-5792 pr_educativos type-pr_educativos status-publish has-post-thumbnail hentry category-feminismos category-proyectos'  itemscope=\"itemscope\" itemtype=\"https:\/\/schema.org\/CreativeWork\" ><div class='blog-meta'><a href='https:\/\/www.entrepueblos.org\/repositoriweb\/pr_educativos\/ciutats-i-pobles-vivibles-per-a-totes-i-tots-catalunya-des-de-la-diversitat-que-lhabita\/' class='small-preview' title='Ciutats i pobles vivibles per a totes i tots: Catalunya des de la diversitat que l\u2019habita'><img loading=\"lazy\" decoding=\"async\" width=\"180\" height=\"180\" src=\"https:\/\/www.entrepueblos.org\/repositoriweb\/wp-content\/uploads\/2018\/08\/5.-Catalunya-_Ciutats-i-pobles-vivibles-per-180x180.jpg\" class=\"wp-image-5994 avia-img-lazy-loading-5994 attachment-square size-square wp-post-image\" alt=\"\" srcset=\"https:\/\/www.entrepueblos.org\/repositoriweb\/wp-content\/uploads\/2018\/08\/5.-Catalunya-_Ciutats-i-pobles-vivibles-per-180x180.jpg 180w, https:\/\/www.entrepueblos.org\/repositoriweb\/wp-content\/uploads\/2018\/08\/5.-Catalunya-_Ciutats-i-pobles-vivibles-per-80x80.jpg 80w, https:\/\/www.entrepueblos.org\/repositoriweb\/wp-content\/uploads\/2018\/08\/5.-Catalunya-_Ciutats-i-pobles-vivibles-per-36x36.jpg 36w, https:\/\/www.entrepueblos.org\/repositoriweb\/wp-content\/uploads\/2018\/08\/5.-Catalunya-_Ciutats-i-pobles-vivibles-per-120x120.jpg 120w, https:\/\/www.entrepueblos.org\/repositoriweb\/wp-content\/uploads\/2018\/08\/5.-Catalunya-_Ciutats-i-pobles-vivibles-per-300x300.jpg 300w, https:\/\/www.entrepueblos.org\/repositoriweb\/wp-content\/uploads\/2018\/08\/5.-Catalunya-_Ciutats-i-pobles-vivibles-per-450x450.jpg 450w\" sizes=\"auto, (max-width: 180px) 100vw, 180px\" \/><span class=\"iconfont\" aria-hidden='true' data-av_icon='\ue836' data-av_iconfont='entypo-fontello'><\/span><\/a><\/div><div class='entry-content-wrapper clearfix standard-content'><header class=\"entry-content-header\"><div class='estado'>Terminado<\/div><div class=\"temas\"><div class=\"Feminismos term-27\">Feminismos<\/div><div class=\"clearfix\"><\/div><\/div><div class=\"clearfix\"><\/div><\/span><h2 class='post-title entry-title '  itemprop=\"headline\" >\t<a href='https:\/\/www.entrepueblos.org\/repositoriweb\/pr_educativos\/ciutats-i-pobles-vivibles-per-a-totes-i-tots-catalunya-des-de-la-diversitat-que-lhabita\/' rel='bookmark' title='Enlace permanente: Ciutats i pobles vivibles per a totes i tots: Catalunya des de la diversitat que l\u2019habita'>Ciutats i pobles vivibles per a totes i tots: Catalunya des de la diversitat que l\u2019habita\t\t\t<span class='post-format-icon minor-meta'><\/span>\t<\/a><\/h2><\/header><div class=\"entry-content\"  itemprop=\"text\" ><p>Empoderar a les colectivos de mujeres catalanas y otras personas implicadas, construyendo alianzas para mejorar la calidad de su acci\u00f3n individual, comunitaria\u2026<\/p>\n<div class=\"read-more-link\"><a href=\"https:\/\/www.entrepueblos.org\/repositoriweb\/pr_educativos\/ciutats-i-pobles-vivibles-per-a-totes-i-tots-catalunya-des-de-la-diversitat-que-lhabita\/\" class=\"more-link\">Leer m\u00e1s<span class=\"more-link-arrow\">  &rarr;<\/span><\/a><\/div>\n<\/div><footer class=\"entry-footer\"><\/footer><div class='post_delimiter'><\/div><\/div><div class='post_author_timeline'><\/div><\/article><article class='post-entry post-entry-type-standard post-entry-5771 post-loop-7 post-parity-odd single-small post proyecto proyecto-educativo section_load_ajax proyecto-terminado with-slider post-5771 pr_educativos type-pr_educativos status-publish has-post-thumbnail hentry category-ecologismo-social category-feminismos category-soberania-alimentaria category-temas'  itemscope=\"itemscope\" itemtype=\"https:\/\/schema.org\/CreativeWork\" ><div class='blog-meta'><a href='https:\/\/www.entrepueblos.org\/repositoriweb\/pr_educativos\/las-personas-y-el-planeta-primero-defender-a-quienes-defienden\/' class='small-preview' title='Las personas y el planeta primero: defender a quienes defienden.'><img loading=\"lazy\" decoding=\"async\" width=\"180\" height=\"180\" src=\"https:\/\/www.entrepueblos.org\/repositoriweb\/wp-content\/uploads\/2018\/07\/Las-personas-y-el-planeta-180x180.jpg\" class=\"wp-image-6010 avia-img-lazy-loading-6010 attachment-square size-square wp-post-image\" alt=\"\" srcset=\"https:\/\/www.entrepueblos.org\/repositoriweb\/wp-content\/uploads\/2018\/07\/Las-personas-y-el-planeta-180x180.jpg 180w, https:\/\/www.entrepueblos.org\/repositoriweb\/wp-content\/uploads\/2018\/07\/Las-personas-y-el-planeta-80x80.jpg 80w, https:\/\/www.entrepueblos.org\/repositoriweb\/wp-content\/uploads\/2018\/07\/Las-personas-y-el-planeta-36x36.jpg 36w, https:\/\/www.entrepueblos.org\/repositoriweb\/wp-content\/uploads\/2018\/07\/Las-personas-y-el-planeta-120x120.jpg 120w, https:\/\/www.entrepueblos.org\/repositoriweb\/wp-content\/uploads\/2018\/07\/Las-personas-y-el-planeta-450x450.jpg 450w, https:\/\/www.entrepueblos.org\/repositoriweb\/wp-content\/uploads\/2018\/07\/Las-personas-y-el-planeta-300x300.jpg 300w\" sizes=\"auto, (max-width: 180px) 100vw, 180px\" \/><span class=\"iconfont\" aria-hidden='true' data-av_icon='\ue836' data-av_iconfont='entypo-fontello'><\/span><\/a><\/div><div class='entry-content-wrapper clearfix standard-content'><header class=\"entry-content-header\"><div class='estado'>Terminado<\/div><div class=\"temas\"><div class=\"Ecologismosocial term-28\">Ecologismo social<\/div><div class=\"Feminismos term-27\">Feminismos<\/div><div class=\"Soberanaalimentaria term-30\">Soberan\u00eda alimentaria<\/div><div class=\"clearfix\"><\/div><\/div><div class=\"clearfix\"><\/div><\/span><h2 class='post-title entry-title '  itemprop=\"headline\" >\t<a href='https:\/\/www.entrepueblos.org\/repositoriweb\/pr_educativos\/las-personas-y-el-planeta-primero-defender-a-quienes-defienden\/' rel='bookmark' title='Enlace permanente: Las personas y el planeta primero: defender a quienes defienden.'>Las personas y el planeta primero: defender a quienes defienden.\t\t\t<span class='post-format-icon minor-meta'><\/span>\t<\/a><\/h2><\/header><div class=\"entry-content\"  itemprop=\"text\" ><p>Impulsar un debate ciudadano entorno a la defensa del planeta, los l\u00edmites del crecimiento, generando recursos y espacios de trabajo en red, que tengan\u2026<\/p>\n<div class=\"read-more-link\"><a href=\"https:\/\/www.entrepueblos.org\/repositoriweb\/pr_educativos\/las-personas-y-el-planeta-primero-defender-a-quienes-defienden\/\" class=\"more-link\">Leer m\u00e1s<span class=\"more-link-arrow\">  &rarr;<\/span><\/a><\/div>\n<\/div><footer class=\"entry-footer\"><\/footer><div class='post_delimiter'><\/div><\/div><div class='post_author_timeline'><\/div><\/article><article class='post-entry post-entry-type-standard post-entry-5761 post-loop-8 post-parity-even single-small post proyecto proyecto-educativo section_load_ajax proyecto-terminado with-slider post-5761 pr_educativos type-pr_educativos status-publish has-post-thumbnail hentry category-feminismos category-multinacionales-y-tratados-comerciales category-proteccion-a-defensoras-es-de-dd-hh category-temas'  itemscope=\"itemscope\" itemtype=\"https:\/\/schema.org\/CreativeWork\" ><div class='blog-meta'><a href='https:\/\/www.entrepueblos.org\/repositoriweb\/pr_educativos\/tejiendo-redes-de-complicidad-con-america-latina-por-el-cuidado-de-los-derechos-de-todas-y-todos\/' class='small-preview' title='Tejiendo redes de complicidad con Am\u00e9rica Latina por el cuidado de los derechos de todas y todos.'><img loading=\"lazy\" decoding=\"async\" width=\"180\" height=\"180\" src=\"https:\/\/www.entrepueblos.org\/repositoriweb\/wp-content\/uploads\/2018\/07\/Actua-y-participa-180x180.jpg\" class=\"wp-image-7937 avia-img-lazy-loading-7937 attachment-square size-square wp-post-image\" alt=\"\" srcset=\"https:\/\/www.entrepueblos.org\/repositoriweb\/wp-content\/uploads\/2018\/07\/Actua-y-participa-180x180.jpg 180w, https:\/\/www.entrepueblos.org\/repositoriweb\/wp-content\/uploads\/2018\/07\/Actua-y-participa-80x80.jpg 80w, https:\/\/www.entrepueblos.org\/repositoriweb\/wp-content\/uploads\/2018\/07\/Actua-y-participa-36x36.jpg 36w, https:\/\/www.entrepueblos.org\/repositoriweb\/wp-content\/uploads\/2018\/07\/Actua-y-participa-120x120.jpg 120w, https:\/\/www.entrepueblos.org\/repositoriweb\/wp-content\/uploads\/2018\/07\/Actua-y-participa-450x450.jpg 450w, https:\/\/www.entrepueblos.org\/repositoriweb\/wp-content\/uploads\/2018\/07\/Actua-y-participa-300x300.jpg 300w\" sizes=\"auto, (max-width: 180px) 100vw, 180px\" \/><span class=\"iconfont\" aria-hidden='true' data-av_icon='\ue836' data-av_iconfont='entypo-fontello'><\/span><\/a><\/div><div class='entry-content-wrapper clearfix standard-content'><header class=\"entry-content-header\"><div class='estado'>Terminado<\/div><div class=\"temas\"><div class=\"Feminismos term-27\">Feminismos<\/div><div class=\"Multinacionalesytratados term-32\">Multinacionales y tratados<\/div><div class=\"ProteccinadefensorasDDHH term-33\">Protecci\u00f3n a defensoras DD.HH.<\/div><div class=\"clearfix\"><\/div><\/div><div class=\"clearfix\"><\/div><\/span><h2 class='post-title entry-title '  itemprop=\"headline\" >\t<a href='https:\/\/www.entrepueblos.org\/repositoriweb\/pr_educativos\/tejiendo-redes-de-complicidad-con-america-latina-por-el-cuidado-de-los-derechos-de-todas-y-todos\/' rel='bookmark' title='Enlace permanente: Tejiendo redes de complicidad con Am\u00e9rica Latina por el cuidado de los derechos de todas y todos.'>Tejiendo redes de complicidad con Am\u00e9rica Latina por el cuidado de los derechos de todas y todos.\t\t\t<span class='post-format-icon minor-meta'><\/span>\t<\/a><\/h2><\/header><div class=\"entry-content\"  itemprop=\"text\" ><p>Promover la concertaci\u00f3n entre el conjunto de actores p\u00fablicos y privados de Barcelona implicados en la Educaci\u00f3n para el Desarrollo, la Educaci\u00f3n\u2026<\/p>\n<div class=\"read-more-link\"><a href=\"https:\/\/www.entrepueblos.org\/repositoriweb\/pr_educativos\/tejiendo-redes-de-complicidad-con-america-latina-por-el-cuidado-de-los-derechos-de-todas-y-todos\/\" class=\"more-link\">Leer m\u00e1s<span class=\"more-link-arrow\">  &rarr;<\/span><\/a><\/div>\n<\/div><footer class=\"entry-footer\"><\/footer><div class='post_delimiter'><\/div><\/div><div class='post_author_timeline'><\/div><\/article><article class='post-entry post-entry-type-standard post-entry-5734 post-loop-9 post-parity-odd single-small post proyecto proyecto-educativo section_load_ajax proyecto-terminado with-slider post-5734 pr_educativos type-pr_educativos status-publish has-post-thumbnail hentry category-migraciones-y-refugio category-temas'  itemscope=\"itemscope\" itemtype=\"https:\/\/schema.org\/CreativeWork\" ><div class='blog-meta'><a href='https:\/\/www.entrepueblos.org\/repositoriweb\/pr_educativos\/hacia-el-tribunal-permanente-de-los-pueblos-tpp-sobre-la-violacion-con-impunidad-de-los-derechos-humanos-de-las-personas-migrantes-y-refugiadas\/' class='small-preview' title='Hacia el Tribunal Permanente de los Pueblos (TPP)  sobre la violaci\u00f3n con impunidad de los derechos humanos de las personas migrantes y refugiadas'><img loading=\"lazy\" decoding=\"async\" width=\"180\" height=\"180\" src=\"https:\/\/www.entrepueblos.org\/repositoriweb\/wp-content\/uploads\/2018\/08\/10.-Catalunya-Hacia-el-Tribunal-1-180x180.jpg\" class=\"wp-image-5999 avia-img-lazy-loading-5999 attachment-square size-square wp-post-image\" alt=\"\" srcset=\"https:\/\/www.entrepueblos.org\/repositoriweb\/wp-content\/uploads\/2018\/08\/10.-Catalunya-Hacia-el-Tribunal-1-180x180.jpg 180w, https:\/\/www.entrepueblos.org\/repositoriweb\/wp-content\/uploads\/2018\/08\/10.-Catalunya-Hacia-el-Tribunal-1-80x80.jpg 80w, https:\/\/www.entrepueblos.org\/repositoriweb\/wp-content\/uploads\/2018\/08\/10.-Catalunya-Hacia-el-Tribunal-1-36x36.jpg 36w, https:\/\/www.entrepueblos.org\/repositoriweb\/wp-content\/uploads\/2018\/08\/10.-Catalunya-Hacia-el-Tribunal-1-120x120.jpg 120w, https:\/\/www.entrepueblos.org\/repositoriweb\/wp-content\/uploads\/2018\/08\/10.-Catalunya-Hacia-el-Tribunal-1-450x450.jpg 450w, https:\/\/www.entrepueblos.org\/repositoriweb\/wp-content\/uploads\/2018\/08\/10.-Catalunya-Hacia-el-Tribunal-1-300x300.jpg 300w\" sizes=\"auto, (max-width: 180px) 100vw, 180px\" \/><span class=\"iconfont\" aria-hidden='true' data-av_icon='\ue836' data-av_iconfont='entypo-fontello'><\/span><\/a><\/div><div class='entry-content-wrapper clearfix standard-content'><header class=\"entry-content-header\"><div class='estado'>Terminado<\/div><div class=\"temas\"><div class=\"Migracionesyrefugio term-34\">Migraciones y refugio<\/div><div class=\"clearfix\"><\/div><\/div><div class=\"clearfix\"><\/div><\/span><h2 class='post-title entry-title '  itemprop=\"headline\" >\t<a href='https:\/\/www.entrepueblos.org\/repositoriweb\/pr_educativos\/hacia-el-tribunal-permanente-de-los-pueblos-tpp-sobre-la-violacion-con-impunidad-de-los-derechos-humanos-de-las-personas-migrantes-y-refugiadas\/' rel='bookmark' title='Enlace permanente: Hacia el Tribunal Permanente de los Pueblos (TPP)  sobre la violaci\u00f3n con impunidad de los derechos humanos de las personas migrantes y refugiadas'>Hacia el Tribunal Permanente de los Pueblos (TPP)  sobre la violaci\u00f3n con impunidad de los derechos humanos de las personas migrantes y refugiadas\t\t\t<span class='post-format-icon minor-meta'><\/span>\t<\/a><\/h2><\/header><div class=\"entry-content\"  itemprop=\"text\" ><p>Celebrar una sesi\u00f3n espec\u00edfica del Tribunal Permanente de los Pueblos (TPP) con el objetivo de identificar y juzgar la cadena de corresponsabilidad en\u2026<\/p>\n<div class=\"read-more-link\"><a href=\"https:\/\/www.entrepueblos.org\/repositoriweb\/pr_educativos\/hacia-el-tribunal-permanente-de-los-pueblos-tpp-sobre-la-violacion-con-impunidad-de-los-derechos-humanos-de-las-personas-migrantes-y-refugiadas\/\" class=\"more-link\">Leer m\u00e1s<span class=\"more-link-arrow\">  &rarr;<\/span><\/a><\/div>\n<\/div><footer class=\"entry-footer\"><\/footer><div class='post_delimiter'><\/div><\/div><div class='post_author_timeline'><\/div><\/article><article class='post-entry post-entry-type-standard post-entry-5723 post-loop-10 post-parity-even single-small post proyecto proyecto-educativo section_load_ajax proyecto-terminado with-slider post-5723 pr_educativos type-pr_educativos status-publish has-post-thumbnail hentry category-educacion-emancipatoria category-proteccion-a-defensoras-es-de-dd-hh category-proyectos category-temas'  itemscope=\"itemscope\" itemtype=\"https:\/\/schema.org\/CreativeWork\" ><div class='blog-meta'><a href='https:\/\/www.entrepueblos.org\/repositoriweb\/pr_educativos\/idear-herramientas-de-apoyo-a-personas-perseguidas-por-defender-los-derechos-humanos-y-la-naturaleza\/' class='small-preview' title='\u00abGerminando rebeld\u00edas\u00bb Idear herramientas de apoyo a personas perseguidas por defender los Derechos Humanos y la Naturaleza'><img loading=\"lazy\" decoding=\"async\" width=\"180\" height=\"180\" src=\"https:\/\/www.entrepueblos.org\/repositoriweb\/wp-content\/uploads\/2018\/07\/Idear-herramientas-180x180.jpg\" class=\"wp-image-6017 avia-img-lazy-loading-6017 attachment-square size-square wp-post-image\" alt=\"\" srcset=\"https:\/\/www.entrepueblos.org\/repositoriweb\/wp-content\/uploads\/2018\/07\/Idear-herramientas-180x180.jpg 180w, https:\/\/www.entrepueblos.org\/repositoriweb\/wp-content\/uploads\/2018\/07\/Idear-herramientas-80x80.jpg 80w, https:\/\/www.entrepueblos.org\/repositoriweb\/wp-content\/uploads\/2018\/07\/Idear-herramientas-36x36.jpg 36w, https:\/\/www.entrepueblos.org\/repositoriweb\/wp-content\/uploads\/2018\/07\/Idear-herramientas-120x120.jpg 120w, https:\/\/www.entrepueblos.org\/repositoriweb\/wp-content\/uploads\/2018\/07\/Idear-herramientas-450x450.jpg 450w, https:\/\/www.entrepueblos.org\/repositoriweb\/wp-content\/uploads\/2018\/07\/Idear-herramientas-300x300.jpg 300w\" sizes=\"auto, (max-width: 180px) 100vw, 180px\" \/><span class=\"iconfont\" aria-hidden='true' data-av_icon='\ue836' data-av_iconfont='entypo-fontello'><\/span><\/a><\/div><div class='entry-content-wrapper clearfix standard-content'><header class=\"entry-content-header\"><div class='estado'>Terminado<\/div><div class=\"temas\"><div class=\"Educacinemancipatoria term-56\">Educaci\u00f3n emancipatoria<\/div><div class=\"ProteccinadefensorasDDHH term-33\">Protecci\u00f3n a defensoras DD.HH.<\/div><div class=\"clearfix\"><\/div><\/div><div class=\"clearfix\"><\/div><\/span><h2 class='post-title entry-title '  itemprop=\"headline\" >\t<a href='https:\/\/www.entrepueblos.org\/repositoriweb\/pr_educativos\/idear-herramientas-de-apoyo-a-personas-perseguidas-por-defender-los-derechos-humanos-y-la-naturaleza\/' rel='bookmark' title='Enlace permanente: \u00abGerminando rebeld\u00edas\u00bb Idear herramientas de apoyo a personas perseguidas por defender los Derechos Humanos y la Naturaleza'>\u00abGerminando rebeld\u00edas\u00bb Idear herramientas de apoyo a personas perseguidas por defender los Derechos Humanos y la Naturaleza\t\t\t<span class='post-format-icon minor-meta'><\/span>\t<\/a><\/h2><\/header><div class=\"entry-content\"  itemprop=\"text\" ><p>Se trata de un proyecto creativo, de construcci\u00f3n comunitaria de instrumentos colectivos para la defensa de personas perseguidas. Se desarrollar\u00e1 mediante\u2026<\/p>\n<div class=\"read-more-link\"><a href=\"https:\/\/www.entrepueblos.org\/repositoriweb\/pr_educativos\/idear-herramientas-de-apoyo-a-personas-perseguidas-por-defender-los-derechos-humanos-y-la-naturaleza\/\" class=\"more-link\">Leer m\u00e1s<span class=\"more-link-arrow\">  &rarr;<\/span><\/a><\/div>\n<\/div><footer class=\"entry-footer\"><\/footer><div class='post_delimiter'><\/div><\/div><div class='post_author_timeline'><\/div><\/article><article class='post-entry post-entry-type-standard post-entry-5821 post-loop-11 post-parity-odd single-small post proyecto proyecto-educativo section_load_ajax proyecto-terminado with-slider post-5821 pr_educativos type-pr_educativos status-publish has-post-thumbnail hentry category-feminismos category-proyectos category-temas'  itemscope=\"itemscope\" itemtype=\"https:\/\/schema.org\/CreativeWork\" ><div class='blog-meta'><a href='https:\/\/www.entrepueblos.org\/repositoriweb\/pr_educativos\/ciudades-vivibles-y-acogedoras-para-todas-y-todos-desde-la-diversidad-que-las-habita\/' class='small-preview' title='Ciudades vivibles y acogedoras para todas y todos, desde la diversidad que las habita'><img loading=\"lazy\" decoding=\"async\" width=\"180\" height=\"180\" src=\"https:\/\/www.entrepueblos.org\/repositoriweb\/wp-content\/uploads\/2018\/08\/2.-Catalunya-Ciudades-vivibles-y-acogedoras-para-180x180.jpg\" class=\"wp-image-5990 avia-img-lazy-loading-5990 attachment-square size-square wp-post-image\" alt=\"\" srcset=\"https:\/\/www.entrepueblos.org\/repositoriweb\/wp-content\/uploads\/2018\/08\/2.-Catalunya-Ciudades-vivibles-y-acogedoras-para-180x180.jpg 180w, https:\/\/www.entrepueblos.org\/repositoriweb\/wp-content\/uploads\/2018\/08\/2.-Catalunya-Ciudades-vivibles-y-acogedoras-para-80x80.jpg 80w, https:\/\/www.entrepueblos.org\/repositoriweb\/wp-content\/uploads\/2018\/08\/2.-Catalunya-Ciudades-vivibles-y-acogedoras-para-36x36.jpg 36w, https:\/\/www.entrepueblos.org\/repositoriweb\/wp-content\/uploads\/2018\/08\/2.-Catalunya-Ciudades-vivibles-y-acogedoras-para-120x120.jpg 120w, https:\/\/www.entrepueblos.org\/repositoriweb\/wp-content\/uploads\/2018\/08\/2.-Catalunya-Ciudades-vivibles-y-acogedoras-para-450x450.jpg 450w, https:\/\/www.entrepueblos.org\/repositoriweb\/wp-content\/uploads\/2018\/08\/2.-Catalunya-Ciudades-vivibles-y-acogedoras-para-300x300.jpg 300w\" sizes=\"auto, (max-width: 180px) 100vw, 180px\" \/><span class=\"iconfont\" aria-hidden='true' data-av_icon='\ue836' data-av_iconfont='entypo-fontello'><\/span><\/a><\/div><div class='entry-content-wrapper clearfix standard-content'><header class=\"entry-content-header\"><div class='estado'>Terminado<\/div><div class=\"temas\"><div class=\"Feminismos term-27\">Feminismos<\/div><div class=\"clearfix\"><\/div><\/div><div class=\"clearfix\"><\/div><\/span><h2 class='post-title entry-title '  itemprop=\"headline\" >\t<a href='https:\/\/www.entrepueblos.org\/repositoriweb\/pr_educativos\/ciudades-vivibles-y-acogedoras-para-todas-y-todos-desde-la-diversidad-que-las-habita\/' rel='bookmark' title='Enlace permanente: Ciudades vivibles y acogedoras para todas y todos, desde la diversidad que las habita'>Ciudades vivibles y acogedoras para todas y todos, desde la diversidad que las habita\t\t\t<span class='post-format-icon minor-meta'><\/span>\t<\/a><\/h2><\/header><div class=\"entry-content\"  itemprop=\"text\" ><p>Este proyecto quiere ampliar el \u00e1rea de acci\u00f3n territorial m\u00e1s all\u00e1 de la ciudad de Barcelona, \u200b\u200babarcando zonas y localidades de Tarragona, Lleida\u2026<\/p>\n<div class=\"read-more-link\"><a href=\"https:\/\/www.entrepueblos.org\/repositoriweb\/pr_educativos\/ciudades-vivibles-y-acogedoras-para-todas-y-todos-desde-la-diversidad-que-las-habita\/\" class=\"more-link\">Leer m\u00e1s<span class=\"more-link-arrow\">  &rarr;<\/span><\/a><\/div>\n<\/div><footer class=\"entry-footer\"><\/footer><div class='post_delimiter'><\/div><\/div><div class='post_author_timeline'><\/div><\/article><article class='post-entry post-entry-type-standard post-entry-5801 post-loop-12 post-parity-even single-small post proyecto proyecto-educativo section_load_ajax proyecto-terminado with-slider post-5801 pr_educativos type-pr_educativos status-publish has-post-thumbnail hentry category-feminismos category-migraciones-y-refugio category-proyectos category-temas'  itemscope=\"itemscope\" itemtype=\"https:\/\/schema.org\/CreativeWork\" ><div class='blog-meta'><a href='https:\/\/www.entrepueblos.org\/repositoriweb\/pr_educativos\/las-que-ya-estan-aqui-las-refugiadas-invisibles\/' class='small-preview' title='Las que ya est\u00e1n aqu\u00ed: las refugiadas invisibles'><img loading=\"lazy\" decoding=\"async\" width=\"180\" height=\"180\" src=\"https:\/\/www.entrepueblos.org\/repositoriweb\/wp-content\/uploads\/2018\/08\/4.-Barcelona-Las-que-ya-180x180.jpg\" class=\"wp-image-5993 avia-img-lazy-loading-5993 attachment-square size-square wp-post-image\" alt=\"\" srcset=\"https:\/\/www.entrepueblos.org\/repositoriweb\/wp-content\/uploads\/2018\/08\/4.-Barcelona-Las-que-ya-180x180.jpg 180w, https:\/\/www.entrepueblos.org\/repositoriweb\/wp-content\/uploads\/2018\/08\/4.-Barcelona-Las-que-ya-80x80.jpg 80w, https:\/\/www.entrepueblos.org\/repositoriweb\/wp-content\/uploads\/2018\/08\/4.-Barcelona-Las-que-ya-36x36.jpg 36w, https:\/\/www.entrepueblos.org\/repositoriweb\/wp-content\/uploads\/2018\/08\/4.-Barcelona-Las-que-ya-120x120.jpg 120w, https:\/\/www.entrepueblos.org\/repositoriweb\/wp-content\/uploads\/2018\/08\/4.-Barcelona-Las-que-ya-450x450.jpg 450w, https:\/\/www.entrepueblos.org\/repositoriweb\/wp-content\/uploads\/2018\/08\/4.-Barcelona-Las-que-ya-300x300.jpg 300w\" sizes=\"auto, (max-width: 180px) 100vw, 180px\" \/><span class=\"iconfont\" aria-hidden='true' data-av_icon='\ue836' data-av_iconfont='entypo-fontello'><\/span><\/a><\/div><div class='entry-content-wrapper clearfix standard-content'><header class=\"entry-content-header\"><div class='estado'>Terminado<\/div><div class=\"temas\"><div class=\"Feminismos term-27\">Feminismos<\/div><div class=\"Migracionesyrefugio term-34\">Migraciones y refugio<\/div><div class=\"clearfix\"><\/div><\/div><div class=\"clearfix\"><\/div><\/span><h2 class='post-title entry-title '  itemprop=\"headline\" >\t<a href='https:\/\/www.entrepueblos.org\/repositoriweb\/pr_educativos\/las-que-ya-estan-aqui-las-refugiadas-invisibles\/' rel='bookmark' title='Enlace permanente: Las que ya est\u00e1n aqu\u00ed: las refugiadas invisibles'>Las que ya est\u00e1n aqu\u00ed: las refugiadas invisibles\t\t\t<span class='post-format-icon minor-meta'><\/span>\t<\/a><\/h2><\/header><div class=\"entry-content\"  itemprop=\"text\" ><p>Este proyecto, tiene como objetivo mejorar capacidades y herramientas de la sociedad civil organizada para incidir en el contexto pol\u00edtico y legal vulnerador\u2026<\/p>\n<div class=\"read-more-link\"><a href=\"https:\/\/www.entrepueblos.org\/repositoriweb\/pr_educativos\/las-que-ya-estan-aqui-las-refugiadas-invisibles\/\" class=\"more-link\">Leer m\u00e1s<span class=\"more-link-arrow\">  &rarr;<\/span><\/a><\/div>\n<\/div><footer class=\"entry-footer\"><\/footer><div class='post_delimiter'><\/div><\/div><div class='post_author_timeline'><\/div><\/article><article class='post-entry post-entry-type-standard post-entry-5811 post-loop-13 post-parity-odd single-small post proyecto proyecto-educativo section_load_ajax proyecto-terminado with-slider post-5811 pr_educativos type-pr_educativos status-publish has-post-thumbnail hentry category-multinacionales-y-tratados-comerciales category-temas'  itemscope=\"itemscope\" itemtype=\"https:\/\/schema.org\/CreativeWork\" ><div class='blog-meta'><a href='https:\/\/www.entrepueblos.org\/repositoriweb\/pr_educativos\/barcelona-a-la-alianza-europea-de-municipios-y-regiones-frente-los-tratados-de-libre-comercio-e-inversiones\/' class='small-preview' title='Barcelona a la Alianza Europea de Municipios y Regiones frente los Tratados de Libre Comercio e Inversiones'><img loading=\"lazy\" decoding=\"async\" width=\"180\" height=\"180\" src=\"https:\/\/www.entrepueblos.org\/repositoriweb\/wp-content\/uploads\/2018\/08\/3.-Barcelona-Barcelona-a-la-Alianza-Europea-de-1-180x180.jpg\" class=\"wp-image-5991 avia-img-lazy-loading-5991 attachment-square size-square wp-post-image\" alt=\"\" srcset=\"https:\/\/www.entrepueblos.org\/repositoriweb\/wp-content\/uploads\/2018\/08\/3.-Barcelona-Barcelona-a-la-Alianza-Europea-de-1-180x180.jpg 180w, https:\/\/www.entrepueblos.org\/repositoriweb\/wp-content\/uploads\/2018\/08\/3.-Barcelona-Barcelona-a-la-Alianza-Europea-de-1-80x80.jpg 80w, https:\/\/www.entrepueblos.org\/repositoriweb\/wp-content\/uploads\/2018\/08\/3.-Barcelona-Barcelona-a-la-Alianza-Europea-de-1-36x36.jpg 36w, https:\/\/www.entrepueblos.org\/repositoriweb\/wp-content\/uploads\/2018\/08\/3.-Barcelona-Barcelona-a-la-Alianza-Europea-de-1-120x120.jpg 120w, https:\/\/www.entrepueblos.org\/repositoriweb\/wp-content\/uploads\/2018\/08\/3.-Barcelona-Barcelona-a-la-Alianza-Europea-de-1-450x450.jpg 450w, https:\/\/www.entrepueblos.org\/repositoriweb\/wp-content\/uploads\/2018\/08\/3.-Barcelona-Barcelona-a-la-Alianza-Europea-de-1-300x300.jpg 300w\" sizes=\"auto, (max-width: 180px) 100vw, 180px\" \/><span class=\"iconfont\" aria-hidden='true' data-av_icon='\ue836' data-av_iconfont='entypo-fontello'><\/span><\/a><\/div><div class='entry-content-wrapper clearfix standard-content'><header class=\"entry-content-header\"><div class='estado'>Terminado<\/div><div class=\"temas\"><div class=\"Multinacionalesytratados term-32\">Multinacionales y tratados<\/div><div class=\"clearfix\"><\/div><\/div><div class=\"clearfix\"><\/div><\/span><h2 class='post-title entry-title '  itemprop=\"headline\" >\t<a href='https:\/\/www.entrepueblos.org\/repositoriweb\/pr_educativos\/barcelona-a-la-alianza-europea-de-municipios-y-regiones-frente-los-tratados-de-libre-comercio-e-inversiones\/' rel='bookmark' title='Enlace permanente: Barcelona a la Alianza Europea de Municipios y Regiones frente los Tratados de Libre Comercio e Inversiones'>Barcelona a la Alianza Europea de Municipios y Regiones frente los Tratados de Libre Comercio e Inversiones\t\t\t<span class='post-format-icon minor-meta'><\/span>\t<\/a><\/h2><\/header><div class=\"entry-content\"  itemprop=\"text\" ><p>El proyecto pretende promover desde la sociedad civil de Barcelona el liderazgo y el ejercicio de la responsabilidad global de la ciudad al movimiento\u2026<\/p>\n<div class=\"read-more-link\"><a href=\"https:\/\/www.entrepueblos.org\/repositoriweb\/pr_educativos\/barcelona-a-la-alianza-europea-de-municipios-y-regiones-frente-los-tratados-de-libre-comercio-e-inversiones\/\" class=\"more-link\">Leer m\u00e1s<span class=\"more-link-arrow\">  &rarr;<\/span><\/a><\/div>\n<\/div><footer class=\"entry-footer\"><\/footer><div class='post_delimiter'><\/div><\/div><div class='post_author_timeline'><\/div><\/article><article class='post-entry post-entry-type-standard post-entry-5743 post-loop-14 post-parity-even single-small post proyecto proyecto-educativo section_load_ajax proyecto-terminado with-slider post-5743 pr_educativos type-pr_educativos status-publish has-post-thumbnail hentry category-economia-social-y-solidaria category-soberania-alimentaria category-temas'  itemscope=\"itemscope\" itemtype=\"https:\/\/schema.org\/CreativeWork\" ><div class='blog-meta'><a href='https:\/\/www.entrepueblos.org\/repositoriweb\/pr_educativos\/educacion-en-el-consumo-responsable-en-los-comedores-escolares-de-barcelona\/' class='small-preview' title='Educaci\u00f3n en el consumo responsable en los comedores escolares de Barcelona'><img loading=\"lazy\" decoding=\"async\" width=\"180\" height=\"180\" src=\"https:\/\/www.entrepueblos.org\/repositoriweb\/wp-content\/uploads\/2018\/07\/Educacion-en-el-consumo-responsable-180x180.jpg\" class=\"wp-image-6013 avia-img-lazy-loading-6013 attachment-square size-square wp-post-image\" alt=\"\" srcset=\"https:\/\/www.entrepueblos.org\/repositoriweb\/wp-content\/uploads\/2018\/07\/Educacion-en-el-consumo-responsable-180x180.jpg 180w, https:\/\/www.entrepueblos.org\/repositoriweb\/wp-content\/uploads\/2018\/07\/Educacion-en-el-consumo-responsable-80x80.jpg 80w, https:\/\/www.entrepueblos.org\/repositoriweb\/wp-content\/uploads\/2018\/07\/Educacion-en-el-consumo-responsable-36x36.jpg 36w, https:\/\/www.entrepueblos.org\/repositoriweb\/wp-content\/uploads\/2018\/07\/Educacion-en-el-consumo-responsable-120x120.jpg 120w, https:\/\/www.entrepueblos.org\/repositoriweb\/wp-content\/uploads\/2018\/07\/Educacion-en-el-consumo-responsable-450x450.jpg 450w, https:\/\/www.entrepueblos.org\/repositoriweb\/wp-content\/uploads\/2018\/07\/Educacion-en-el-consumo-responsable-300x300.jpg 300w\" sizes=\"auto, (max-width: 180px) 100vw, 180px\" \/><span class=\"iconfont\" aria-hidden='true' data-av_icon='\ue836' data-av_iconfont='entypo-fontello'><\/span><\/a><\/div><div class='entry-content-wrapper clearfix standard-content'><header class=\"entry-content-header\"><div class='estado'>Terminado<\/div><div class=\"temas\"><div class=\"Economasocialysolidaria term-29\">Econom\u00eda social y solidaria<\/div><div class=\"Soberanaalimentaria term-30\">Soberan\u00eda alimentaria<\/div><div class=\"clearfix\"><\/div><\/div><div class=\"clearfix\"><\/div><\/span><h2 class='post-title entry-title '  itemprop=\"headline\" >\t<a href='https:\/\/www.entrepueblos.org\/repositoriweb\/pr_educativos\/educacion-en-el-consumo-responsable-en-los-comedores-escolares-de-barcelona\/' rel='bookmark' title='Enlace permanente: Educaci\u00f3n en el consumo responsable en los comedores escolares de Barcelona'>Educaci\u00f3n en el consumo responsable en los comedores escolares de Barcelona\t\t\t<span class='post-format-icon minor-meta'><\/span>\t<\/a><\/h2><\/header><div class=\"entry-content\"  itemprop=\"text\" ><p>Establecer las bases para incidir e incrementar el consumo responsable en los comedores escolares de Barcelona en basa a criterios ecol\u00f3gicos, de proximidad\u2026<\/p>\n<div class=\"read-more-link\"><a href=\"https:\/\/www.entrepueblos.org\/repositoriweb\/pr_educativos\/educacion-en-el-consumo-responsable-en-los-comedores-escolares-de-barcelona\/\" class=\"more-link\">Leer m\u00e1s<span class=\"more-link-arrow\">  &rarr;<\/span><\/a><\/div>\n<\/div><footer class=\"entry-footer\"><\/footer><div class='post_delimiter'><\/div><\/div><div class='post_author_timeline'><\/div><\/article><article class='post-entry post-entry-type-standard post-entry-5781 post-loop-15 post-parity-odd single-small post proyecto proyecto-educativo section_load_ajax proyecto-terminado with-slider post-5781 pr_educativos type-pr_educativos status-publish has-post-thumbnail hentry category-proteccion-a-defensoras-es-de-dd-hh category-temas'  itemscope=\"itemscope\" itemtype=\"https:\/\/schema.org\/CreativeWork\" ><div class='blog-meta'><a href='https:\/\/www.entrepueblos.org\/repositoriweb\/pr_educativos\/defender-a-quienes-defienden-los-derechos-humanos\/' class='small-preview' title='Defender a quienes defienden los Derechos Humanos'><img loading=\"lazy\" decoding=\"async\" width=\"180\" height=\"180\" src=\"https:\/\/www.entrepueblos.org\/repositoriweb\/wp-content\/uploads\/2018\/07\/Defender-a-quienes-defenden-180x180.jpg\" class=\"wp-image-6008 avia-img-lazy-loading-6008 attachment-square size-square wp-post-image\" alt=\"\" srcset=\"https:\/\/www.entrepueblos.org\/repositoriweb\/wp-content\/uploads\/2018\/07\/Defender-a-quienes-defenden-180x180.jpg 180w, https:\/\/www.entrepueblos.org\/repositoriweb\/wp-content\/uploads\/2018\/07\/Defender-a-quienes-defenden-80x80.jpg 80w, https:\/\/www.entrepueblos.org\/repositoriweb\/wp-content\/uploads\/2018\/07\/Defender-a-quienes-defenden-36x36.jpg 36w, https:\/\/www.entrepueblos.org\/repositoriweb\/wp-content\/uploads\/2018\/07\/Defender-a-quienes-defenden-120x120.jpg 120w, https:\/\/www.entrepueblos.org\/repositoriweb\/wp-content\/uploads\/2018\/07\/Defender-a-quienes-defenden-450x450.jpg 450w, https:\/\/www.entrepueblos.org\/repositoriweb\/wp-content\/uploads\/2018\/07\/Defender-a-quienes-defenden-300x300.jpg 300w\" sizes=\"auto, (max-width: 180px) 100vw, 180px\" \/><span class=\"iconfont\" aria-hidden='true' data-av_icon='\ue836' data-av_iconfont='entypo-fontello'><\/span><\/a><\/div><div class='entry-content-wrapper clearfix standard-content'><header class=\"entry-content-header\"><div class='estado'>Terminado<\/div><div class=\"temas\"><div class=\"ProteccinadefensorasDDHH term-33\">Protecci\u00f3n a defensoras DD.HH.<\/div><div class=\"clearfix\"><\/div><\/div><div class=\"clearfix\"><\/div><\/span><h2 class='post-title entry-title '  itemprop=\"headline\" >\t<a href='https:\/\/www.entrepueblos.org\/repositoriweb\/pr_educativos\/defender-a-quienes-defienden-los-derechos-humanos\/' rel='bookmark' title='Enlace permanente: Defender a quienes defienden los Derechos Humanos'>Defender a quienes defienden los Derechos Humanos\t\t\t<span class='post-format-icon minor-meta'><\/span>\t<\/a><\/h2><\/header><div class=\"entry-content\"  itemprop=\"text\" ><p>Dar a conocer el papel protagonista de las mujeres en la defensa de los Derechos de la Naturaleza y los Derechos humanos, especialmente a la alimentaci\u00f3n\u2026<\/p>\n<div class=\"read-more-link\"><a href=\"https:\/\/www.entrepueblos.org\/repositoriweb\/pr_educativos\/defender-a-quienes-defienden-los-derechos-humanos\/\" class=\"more-link\">Leer m\u00e1s<span class=\"more-link-arrow\">  &rarr;<\/span><\/a><\/div>\n<\/div><footer class=\"entry-footer\"><\/footer><div class='post_delimiter'><\/div><\/div><div class='post_author_timeline'><\/div><\/article><article class='post-entry post-entry-type-standard post-entry-13390 post-loop-16 post-parity-even post-entry-last single-small post proyecto proyecto-educativo section_load_ajax proyecto-terminado with-slider post-13390 pr_educativos type-pr_educativos status-publish has-post-thumbnail hentry category-defensa-del-territorio category-feminismos category-proteccion-a-defensoras-es-de-dd-hh category-proyectos category-temas'  itemscope=\"itemscope\" itemtype=\"https:\/\/schema.org\/CreativeWork\" ><div class='blog-meta'><a href='https:\/\/www.entrepueblos.org\/repositoriweb\/pr_educativos\/pero-no-sabian-que-eramos-semillas-defender-a-quienes-defienden\/' class='small-preview' title='\u201c\u2026 pero no sab\u00edan que \u00e9ramos semillas\u201d Defender a quienes defienden'><img loading=\"lazy\" decoding=\"async\" width=\"180\" height=\"180\" src=\"https:\/\/www.entrepueblos.org\/repositoriweb\/wp-content\/uploads\/2018\/11\/Valladolid-cartel-semillas-2017-180x180.jpg\" class=\"wp-image-13391 avia-img-lazy-loading-13391 attachment-square size-square wp-post-image\" alt=\"\" srcset=\"https:\/\/www.entrepueblos.org\/repositoriweb\/wp-content\/uploads\/2018\/11\/Valladolid-cartel-semillas-2017-180x180.jpg 180w, https:\/\/www.entrepueblos.org\/repositoriweb\/wp-content\/uploads\/2018\/11\/Valladolid-cartel-semillas-2017-80x80.jpg 80w, https:\/\/www.entrepueblos.org\/repositoriweb\/wp-content\/uploads\/2018\/11\/Valladolid-cartel-semillas-2017-300x300.jpg 300w, https:\/\/www.entrepueblos.org\/repositoriweb\/wp-content\/uploads\/2018\/11\/Valladolid-cartel-semillas-2017-36x36.jpg 36w, https:\/\/www.entrepueblos.org\/repositoriweb\/wp-content\/uploads\/2018\/11\/Valladolid-cartel-semillas-2017-705x705.jpg 705w, https:\/\/www.entrepueblos.org\/repositoriweb\/wp-content\/uploads\/2018\/11\/Valladolid-cartel-semillas-2017-120x120.jpg 120w, https:\/\/www.entrepueblos.org\/repositoriweb\/wp-content\/uploads\/2018\/11\/Valladolid-cartel-semillas-2017-450x450.jpg 450w, https:\/\/www.entrepueblos.org\/repositoriweb\/wp-content\/uploads\/2018\/11\/Valladolid-cartel-semillas-2017.jpg 708w\" sizes=\"auto, (max-width: 180px) 100vw, 180px\" \/><span class=\"iconfont\" aria-hidden='true' data-av_icon='\ue836' data-av_iconfont='entypo-fontello'><\/span><\/a><\/div><div class='entry-content-wrapper clearfix standard-content'><header class=\"entry-content-header\"><div class='estado'>Terminado<\/div><div class=\"temas\"><div class=\"Defensadelterritorio term-31\">Defensa del territorio<\/div><div class=\"Feminismos term-27\">Feminismos<\/div><div class=\"ProteccinadefensorasDDHH term-33\">Protecci\u00f3n a defensoras DD.HH.<\/div><div class=\"clearfix\"><\/div><\/div><div class=\"clearfix\"><\/div><\/span><h2 class='post-title entry-title '  itemprop=\"headline\" >\t<a href='https:\/\/www.entrepueblos.org\/repositoriweb\/pr_educativos\/pero-no-sabian-que-eramos-semillas-defender-a-quienes-defienden\/' rel='bookmark' title='Enlace permanente: \u201c\u2026 pero no sab\u00edan que \u00e9ramos semillas\u201d Defender a quienes defienden'>\u201c\u2026 pero no sab\u00edan que \u00e9ramos semillas\u201d Defender a quienes defienden\t\t\t<span class='post-format-icon minor-meta'><\/span>\t<\/a><\/h2><\/header><div class=\"entry-content\"  itemprop=\"text\" ><p>Proyecto que trata de conocer en profundidad y difundir la persecuci\u00f3n que est\u00e1n sufriendo las personas que luchan por \u00a0los Derechos Humanos, atendiendo\u2026<\/p>\n<div class=\"read-more-link\"><a href=\"https:\/\/www.entrepueblos.org\/repositoriweb\/pr_educativos\/pero-no-sabian-que-eramos-semillas-defender-a-quienes-defienden\/\" class=\"more-link\">Leer m\u00e1s<span class=\"more-link-arrow\">  &rarr;<\/span><\/a><\/div>\n<\/div><footer class=\"entry-footer\"><\/footer><div class='post_delimiter'><\/div><\/div><div class='post_author_timeline'><\/div><\/article><\/div><\/p><\/div>\n","protected":false},"excerpt":{"rendered":"","protected":false},"author":9,"featured_media":0,"parent":0,"menu_order":0,"comment_status":"closed","ping_status":"closed","template":"","meta":{"_acf_changed":false,"_price":"","_stock":"","_tribe_ticket_header":"","_tribe_default_ticket_provider":"","_tribe_ticket_capacity":"0","_ticket_start_date":"","_ticket_end_date":"","_tribe_ticket_show_description":"","_tribe_ticket_show_not_going":false,"_tribe_ticket_use_global_stock":"","_tribe_ticket_global_stock_level":"","_global_stock_mode":"","_global_stock_cap":"","_tribe_rsvp_for_event":"","_tribe_ticket_going_count":"","_tribe_ticket_not_going_count":"","_tribe_tickets_list":"[]","_tribe_ticket_has_attendee_info_fields":false,"footnotes":"","_tec_slr_enabled":"","_tec_slr_layout":""},"class_list":["post-653","page","type-page","status-publish","hentry"],"acf":[],"yoast_head":"<!-- This site is optimized with the Yoast SEO plugin v25.0 - https:\/\/yoast.com\/wordpress\/plugins\/seo\/ -->\n<title>EDUCACI\u00d3N EMANCIPATORIA - Entrepueblos<\/title>\n<meta name=\"robots\" content=\"index, follow, max-snippet:-1, max-image-preview:large, max-video-preview:-1\" \/>\n<link rel=\"canonical\" href=\"https:\/\/www.entrepueblos.org\/repositoriweb\/educacion-emancipatoria\/\" \/>\n<meta property=\"og:locale\" content=\"es_ES\" \/>\n<meta property=\"og:type\" content=\"article\" \/>\n<meta property=\"og:title\" content=\"EDUCACI\u00d3N EMANCIPATORIA - Entrepueblos\" \/>\n<meta property=\"og:url\" content=\"https:\/\/www.entrepueblos.org\/repositoriweb\/educacion-emancipatoria\/\" \/>\n<meta property=\"og:site_name\" content=\"Entrepueblos\" \/>\n<meta property=\"article:modified_time\" content=\"2023-05-08T15:19:29+00:00\" \/>\n<meta name=\"twitter:card\" content=\"summary_large_image\" \/>\n<meta name=\"twitter:label1\" content=\"Tiempo de lectura\" \/>\n\t<meta name=\"twitter:data1\" content=\"4 minutos\" \/>\n<script type=\"application\/ld+json\" class=\"yoast-schema-graph\">{\"@context\":\"https:\/\/schema.org\",\"@graph\":[{\"@type\":\"WebPage\",\"@id\":\"https:\/\/www.entrepueblos.org\/repositoriweb\/educacion-emancipatoria\/\",\"url\":\"https:\/\/www.entrepueblos.org\/repositoriweb\/educacion-emancipatoria\/\",\"name\":\"EDUCACI\u00d3N EMANCIPATORIA - Entrepueblos\",\"isPartOf\":{\"@id\":\"https:\/\/www.entrepueblos.org\/repositoriweb\/#website\"},\"datePublished\":\"2018-05-08T16:24:56+00:00\",\"dateModified\":\"2023-05-08T15:19:29+00:00\",\"breadcrumb\":{\"@id\":\"https:\/\/www.entrepueblos.org\/repositoriweb\/educacion-emancipatoria\/#breadcrumb\"},\"inLanguage\":\"es\",\"potentialAction\":[{\"@type\":\"ReadAction\",\"target\":[\"https:\/\/www.entrepueblos.org\/repositoriweb\/educacion-emancipatoria\/\"]}]},{\"@type\":\"BreadcrumbList\",\"@id\":\"https:\/\/www.entrepueblos.org\/repositoriweb\/educacion-emancipatoria\/#breadcrumb\",\"itemListElement\":[{\"@type\":\"ListItem\",\"position\":1,\"name\":\"Portada\",\"item\":\"https:\/\/www.entrepueblos.org\/repositoriweb\/\"},{\"@type\":\"ListItem\",\"position\":2,\"name\":\"EDUCACI\u00d3N EMANCIPATORIA\"}]},{\"@type\":\"WebSite\",\"@id\":\"https:\/\/www.entrepueblos.org\/repositoriweb\/#website\",\"url\":\"https:\/\/www.entrepueblos.org\/repositoriweb\/\",\"name\":\"Entrepueblos\",\"description\":\"Cooperaci\u00f3n pueblo a pueblo\",\"potentialAction\":[{\"@type\":\"SearchAction\",\"target\":{\"@type\":\"EntryPoint\",\"urlTemplate\":\"https:\/\/www.entrepueblos.org\/repositoriweb\/?s={search_term_string}\"},\"query-input\":{\"@type\":\"PropertyValueSpecification\",\"valueRequired\":true,\"valueName\":\"search_term_string\"}}],\"inLanguage\":\"es\"}]}<\/script>\n<!-- \/ Yoast SEO plugin. -->","yoast_head_json":{"title":"EDUCACI\u00d3N EMANCIPATORIA - Entrepueblos","robots":{"index":"index","follow":"follow","max-snippet":"max-snippet:-1","max-image-preview":"max-image-preview:large","max-video-preview":"max-video-preview:-1"},"canonical":"https:\/\/www.entrepueblos.org\/repositoriweb\/educacion-emancipatoria\/","og_locale":"es_ES","og_type":"article","og_title":"EDUCACI\u00d3N EMANCIPATORIA - Entrepueblos","og_url":"https:\/\/www.entrepueblos.org\/repositoriweb\/educacion-emancipatoria\/","og_site_name":"Entrepueblos","article_modified_time":"2023-05-08T15:19:29+00:00","twitter_card":"summary_large_image","twitter_misc":{"Tiempo de lectura":"4 minutos"},"schema":{"@context":"https:\/\/schema.org","@graph":[{"@type":"WebPage","@id":"https:\/\/www.entrepueblos.org\/repositoriweb\/educacion-emancipatoria\/","url":"https:\/\/www.entrepueblos.org\/repositoriweb\/educacion-emancipatoria\/","name":"EDUCACI\u00d3N EMANCIPATORIA - Entrepueblos","isPartOf":{"@id":"https:\/\/www.entrepueblos.org\/repositoriweb\/#website"},"datePublished":"2018-05-08T16:24:56+00:00","dateModified":"2023-05-08T15:19:29+00:00","breadcrumb":{"@id":"https:\/\/www.entrepueblos.org\/repositoriweb\/educacion-emancipatoria\/#breadcrumb"},"inLanguage":"es","potentialAction":[{"@type":"ReadAction","target":["https:\/\/www.entrepueblos.org\/repositoriweb\/educacion-emancipatoria\/"]}]},{"@type":"BreadcrumbList","@id":"https:\/\/www.entrepueblos.org\/repositoriweb\/educacion-emancipatoria\/#breadcrumb","itemListElement":[{"@type":"ListItem","position":1,"name":"Portada","item":"https:\/\/www.entrepueblos.org\/repositoriweb\/"},{"@type":"ListItem","position":2,"name":"EDUCACI\u00d3N EMANCIPATORIA"}]},{"@type":"WebSite","@id":"https:\/\/www.entrepueblos.org\/repositoriweb\/#website","url":"https:\/\/www.entrepueblos.org\/repositoriweb\/","name":"Entrepueblos","description":"Cooperaci\u00f3n pueblo a pueblo","potentialAction":[{"@type":"SearchAction","target":{"@type":"EntryPoint","urlTemplate":"https:\/\/www.entrepueblos.org\/repositoriweb\/?s={search_term_string}"},"query-input":{"@type":"PropertyValueSpecification","valueRequired":true,"valueName":"search_term_string"}}],"inLanguage":"es"}]}},"ticketed":false,"_links":{"self":[{"href":"https:\/\/www.entrepueblos.org\/repositoriweb\/wp-json\/wp\/v2\/pages\/653","targetHints":{"allow":["GET"]}}],"collection":[{"href":"https:\/\/www.entrepueblos.org\/repositoriweb\/wp-json\/wp\/v2\/pages"}],"about":[{"href":"https:\/\/www.entrepueblos.org\/repositoriweb\/wp-json\/wp\/v2\/types\/page"}],"author":[{"embeddable":true,"href":"https:\/\/www.entrepueblos.org\/repositoriweb\/wp-json\/wp\/v2\/users\/9"}],"replies":[{"embeddable":true,"href":"https:\/\/www.entrepueblos.org\/repositoriweb\/wp-json\/wp\/v2\/comments?post=653"}],"version-history":[{"count":29,"href":"https:\/\/www.entrepueblos.org\/repositoriweb\/wp-json\/wp\/v2\/pages\/653\/revisions"}],"predecessor-version":[{"id":34848,"href":"https:\/\/www.entrepueblos.org\/repositoriweb\/wp-json\/wp\/v2\/pages\/653\/revisions\/34848"}],"wp:attachment":[{"href":"https:\/\/www.entrepueblos.org\/repositoriweb\/wp-json\/wp\/v2\/media?parent=653"}],"curies":[{"name":"wp","href":"https:\/\/api.w.org\/{rel}","templated":true}]}}